{"id":328925,"date":"2022-04-19T12:52:16","date_gmt":"2022-04-19T10:52:16","guid":{"rendered":"https:\/\/www.omnium.cat\/?page_id=328925"},"modified":"2026-03-27T13:06:58","modified_gmt":"2026-03-27T12:06:58","slug":"petaelpod","status":"publish","type":"page","link":"https:\/\/www.omnium.cat\/ca\/seus\/sant-cugat-del-valles\/petaelpod\/","title":{"rendered":"Peta el Pod! Concurs de p\u00f2dcast en catal\u00e0"},"content":{"rendered":"\t\t<div data-elementor-type=\"wp-page\" data-elementor-id=\"328925\" class=\"elementor elementor-328925\" data-elementor-post-type=\"page\">\n\t\t\t\t<div class=\"elementor-element elementor-element-edca956 e-flex e-con-boxed fullpage-js-section-no fullpage-js-position-centered e-con e-parent\" data-id=\"edca956\" data-element_type=\"container\" data-e-type=\"container\">\n\t\t\t\t\t<div class=\"e-con-inner\">\n\t\t\t\t<div class=\"elementor-element elementor-element-8fb63d1 elementor-widget elementor-widget-image\" data-id=\"8fb63d1\" data-element_type=\"widget\" data-e-type=\"widget\" data-widget_type=\"image.default\">\n\t\t\t\t<div class=\"elementor-widget-container\">\n\t\t\t\t\t\t\t\t\t\t\t\t\t\t\t<img fetchpriority=\"high\" decoding=\"async\" width=\"1024\" height=\"568\" src=\"https:\/\/cdn.omnium.cat\/wp-content\/uploads\/2022\/04\/03105307\/Peta-el-pod.png\" class=\"attachment-large size-large wp-image-434252\" alt=\"\" srcset=\"https:\/\/cdn.omnium.cat\/wp-content\/uploads\/2022\/04\/03105307\/Peta-el-pod.png 1024w, https:\/\/cdn.omnium.cat\/wp-content\/uploads\/2022\/04\/03105307\/Peta-el-pod-300x166.png 300w, https:\/\/cdn.omnium.cat\/wp-content\/uploads\/2022\/04\/03105307\/Peta-el-pod-768x426.png 768w\" sizes=\"(max-width: 1024px) 100vw, 1024px\" \/>\t\t\t\t\t\t\t\t\t\t\t\t\t\t\t<\/div>\n\t\t\t\t<\/div>\n\t\t\t\t\t<\/div>\n\t\t\t\t<\/div>\n\t\t<div class=\"elementor-element elementor-element-68f761a2 e-flex e-con-boxed fullpage-js-section-no fullpage-js-position-centered e-con e-parent\" data-id=\"68f761a2\" data-element_type=\"container\" data-e-type=\"container\">\n\t\t\t\t\t<div class=\"e-con-inner\">\n\t\t\t\t<div class=\"elementor-element elementor-element-20361771 elementor-widget elementor-widget-text-editor\" data-id=\"20361771\" data-element_type=\"widget\" data-e-type=\"widget\" data-widget_type=\"text-editor.default\">\n\t\t\t\t<div class=\"elementor-widget-container\">\n\t\t\t\t\t\t\t\t\t<p><strong>Peta el Pod! <\/strong>\u00e9s un concurs amb premis econ\u00f2mics innovador que neix amb l\u2019objectiu de recon\u00e8ixer els millors Podcast i incentivar la creaci\u00f3 de nous continguts, la creativitat i la innovaci\u00f3 en l\u2019audiovisual en catal\u00e0, donant veu a nous talents i potenciant la difusi\u00f3 de tem\u00e0tiques diverses, en format podcast. Aquest concurs aposta per la creativitat, la diversitat i l\u2019empoderament dels joves creadors i amateurs de la comunicaci\u00f3.<\/p><p>Organitzat per \u00d2mnium Sant Cugat amb la col\u00b7laboraci\u00f3 de l&#8217;Ajuntament de Sant Cugat del Vall\u00e8s, l\u2019Ateneu Santcugatenc i el Consorci per la Normalitzaci\u00f3 Ling\u00fc\u00edstica.<\/p><p>\u00a0<\/p><p>\u00a0<\/p><p><strong>Participants<\/strong><\/p><p>El concurs est\u00e0 obert a qualsevol persona major de divuit anys, individualment o en grups.<\/p><p>Els participants poden concursar en una de les seg\u00fcents tem\u00e0tiques:<\/p><p><span style=\"color: inherit; font-size: inherit;\">Cultura i tradicions catalanes<\/span><\/p><p><span style=\"color: inherit; font-size: inherit;\">Hist\u00f2ria i ci\u00e8ncia<\/span><\/p><p><span style=\"color: inherit; font-size: inherit;\">Ficci\u00f3 i narrativa<\/span><\/p><p><span style=\"color: inherit; font-size: inherit;\">Humor i entreteniment<\/span><\/p><p><span style=\"color: inherit; font-size: inherit;\">Actualitat i opini\u00f3<\/span><\/p><p><span style=\"color: inherit; font-size: inherit;\">\u00a0<\/span><\/p><p><strong>Requisits del p\u00f2dcast<\/strong><\/p><p><span style=\"color: inherit; font-size: inherit;\">El p\u00f2dcast s&#8217;ha de presentar en format v\u00eddeo o \u00e0udio.<\/span><\/p><p><span style=\"color: inherit; font-size: inherit;\">L\u2019episodi presentat haur\u00e0 de tenir una durada m\u00e0xima de quinze minuts.<\/span><\/p><p><span style=\"color: inherit; font-size: inherit;\">El v\u00eddeo ha de tenir una resoluci\u00f3 m\u00ednima de 720p i estar en format MP4 o MOV.<\/span><\/p><p><span style=\"color: inherit; font-size: inherit;\">L\u2019\u00e0udio ha de ser d\u2019alta qualitat (m\u00ednim 128 kbps).<\/span><\/p><p><span style=\"color: inherit; font-size: inherit;\">El p\u00f2dcast ha de ser \u00edntegrament en catal\u00e0.<\/span><\/p><p><span style=\"color: inherit; font-size: inherit;\">El p\u00f2dcast no \u00e9s obligatori que sigui in\u00e8dit pot haver estat publicat o em\u00e8s.<\/span><\/p><p style=\"color: #000000; font-family: Verdana, Arial, Helvetica, sans-serif; font-size: 14px; font-style: normal; font-variant-ligatures: normal; font-variant-caps: normal; font-weight: 400;\">\u00a0<\/p>\t\t\t\t\t\t\t\t<\/div>\n\t\t\t\t<\/div>\n\t\t\t\t\t<\/div>\n\t\t\t\t<\/div>\n\t\t<div class=\"elementor-element elementor-element-09fe128 e-flex e-con-boxed fullpage-js-section-no fullpage-js-position-centered e-con e-parent\" data-id=\"09fe128\" data-element_type=\"container\" data-e-type=\"container\">\n\t\t\t\t\t<div class=\"e-con-inner\">\n\t\t\t\t<div class=\"elementor-element elementor-element-408219b elementor-widget elementor-widget-text-editor\" data-id=\"408219b\" data-element_type=\"widget\" data-e-type=\"widget\" data-widget_type=\"text-editor.default\">\n\t\t\t\t<div class=\"elementor-widget-container\">\n\t\t\t\t\t\t\t\t\t<p style=\"text-align: center;\"><a class=\"omnium_orange_white_button\" href=\"https:\/\/drive.google.com\/file\/d\/1GQd7Rpq_-y6NU0cXJJJU6eDBHdPTiSxG\/view?usp=sharing\" target=\"_blank\" rel=\"noopener\">Consulta les bases<\/a><\/p>\t\t\t\t\t\t\t\t<\/div>\n\t\t\t\t<\/div>\n\t\t\t\t<div class=\"elementor-element elementor-element-8d6343e elementor-widget elementor-widget-text-editor\" data-id=\"8d6343e\" data-element_type=\"widget\" data-e-type=\"widget\" data-widget_type=\"text-editor.default\">\n\t\t\t\t<div class=\"elementor-widget-container\">\n\t\t\t\t\t\t\t\t\t<p style=\"text-align: center;\"><a class=\"omnium_orange_white_button\" href=\"https:\/\/eu.jotform.com\/es\/build\/260853004458355\" target=\"_blank\" rel=\"noopener\">Formulari de participaci\u00f3<\/a><\/p>\t\t\t\t\t\t\t\t<\/div>\n\t\t\t\t<\/div>\n\t\t\t\t\t<\/div>\n\t\t\t\t<\/div>\n\t\t\t\t<\/div>\n\t\t","protected":false},"excerpt":{"rendered":"<p>Peta el Pod! \u00e9s un concurs amb premis econ\u00f2mics innovador que neix amb l\u2019objectiu de recon\u00e8ixer els millors Podcast i incentivar la creaci\u00f3 de nous continguts, la creativitat i la [&hellip;]<\/p>\n","protected":false},"author":184,"featured_media":0,"parent":17323,"menu_order":40,"comment_status":"closed","ping_status":"closed","template":"","meta":{"_acf_changed":false,"footnotes":""},"class_list":["post-328925","page","type-page","status-publish","hentry"],"acf":[],"yoast_head":"<!-- This site is optimized with the Yoast SEO plugin v27.2 - https:\/\/yoast.com\/product\/yoast-seo-wordpress\/ -->\n<title>Peta el Pod! Concurs de p\u00f2dcast en catal\u00e0 - \u00d2mnium Cultural<\/title>\n<meta name=\"description\" content=\"Peta el Pod! \u00e9s el concurs de p\u00f2dcasts en catal\u00e0 organitzat per \u00d2mnium Sant Cugat per incentivar el talent de joves creadors del nostre pa\u00eds\" \/>\n<meta name=\"robots\" content=\"index, follow, max-snippet:-1, max-image-preview:large, max-video-preview:-1\" \/>\n<link rel=\"canonical\" href=\"https:\/\/www.omnium.cat\/ca\/seus\/sant-cugat-del-valles\/petaelpod\/\" \/>\n<meta name=\"twitter:label1\" content=\"Temps estimat de lectura\" \/>\n\t<meta name=\"twitter:data1\" content=\"2 minuts\" \/>\n<script type=\"application\/ld+json\" class=\"yoast-schema-graph\">{\"@context\":\"https:\/\/schema.org\",\"@graph\":[{\"@type\":\"WebPage\",\"@id\":\"https:\/\/www.omnium.cat\/ca\/seus\/sant-cugat-del-valles\/petaelpod\/\",\"url\":\"https:\/\/www.omnium.cat\/ca\/seus\/sant-cugat-del-valles\/petaelpod\/\",\"name\":\"Peta el Pod! Concurs de p\u00f2dcast en catal\u00e0 - \u00d2mnium Cultural\",\"isPartOf\":{\"@id\":\"https:\/\/www.omnium.cat\/ca\/#website\"},\"primaryImageOfPage\":{\"@id\":\"https:\/\/www.omnium.cat\/ca\/seus\/sant-cugat-del-valles\/petaelpod\/#primaryimage\"},\"image\":{\"@id\":\"https:\/\/www.omnium.cat\/ca\/seus\/sant-cugat-del-valles\/petaelpod\/#primaryimage\"},\"thumbnailUrl\":\"https:\/\/www.omnium.cat\/wp-content\/uploads\/Peta-el-pod.png\",\"datePublished\":\"2022-04-19T10:52:16+00:00\",\"dateModified\":\"2026-03-27T12:06:58+00:00\",\"description\":\"Peta el Pod! \u00e9s el concurs de p\u00f2dcasts en catal\u00e0 organitzat per \u00d2mnium Sant Cugat per incentivar el talent de joves creadors del nostre pa\u00eds\",\"breadcrumb\":{\"@id\":\"https:\/\/www.omnium.cat\/ca\/seus\/sant-cugat-del-valles\/petaelpod\/#breadcrumb\"},\"inLanguage\":\"ca\",\"potentialAction\":[{\"@type\":\"ReadAction\",\"target\":[\"https:\/\/www.omnium.cat\/ca\/seus\/sant-cugat-del-valles\/petaelpod\/\"]}]},{\"@type\":\"ImageObject\",\"inLanguage\":\"ca\",\"@id\":\"https:\/\/www.omnium.cat\/ca\/seus\/sant-cugat-del-valles\/petaelpod\/#primaryimage\",\"url\":\"https:\/\/www.omnium.cat\/wp-content\/uploads\/Peta-el-pod.png\",\"contentUrl\":\"https:\/\/www.omnium.cat\/wp-content\/uploads\/Peta-el-pod.png\"},{\"@type\":\"BreadcrumbList\",\"@id\":\"https:\/\/www.omnium.cat\/ca\/seus\/sant-cugat-del-valles\/petaelpod\/#breadcrumb\",\"itemListElement\":[{\"@type\":\"ListItem\",\"position\":1,\"name\":\"Inici\",\"item\":\"https:\/\/www.omnium.cat\/ca\/\"},{\"@type\":\"ListItem\",\"position\":2,\"name\":\"Seus\",\"item\":\"https:\/\/www.omnium.cat\/ca\/seus\/\"},{\"@type\":\"ListItem\",\"position\":3,\"name\":\"Sant Cugat del Vall\u00e8s\",\"item\":\"https:\/\/www.omnium.cat\/ca\/seus\/sant-cugat-del-valles\/\"},{\"@type\":\"ListItem\",\"position\":4,\"name\":\"Peta el Pod! Concurs de p\u00f2dcast en catal\u00e0\"}]},{\"@type\":\"WebSite\",\"@id\":\"https:\/\/www.omnium.cat\/ca\/#website\",\"url\":\"https:\/\/www.omnium.cat\/ca\/\",\"name\":\"\u00d2mnium Cultural\",\"description\":\"Llengua Cultura Pa\u00eds\",\"publisher\":{\"@id\":\"https:\/\/www.omnium.cat\/ca\/#organization\"},\"potentialAction\":[{\"@type\":\"SearchAction\",\"target\":{\"@type\":\"EntryPoint\",\"urlTemplate\":\"https:\/\/www.omnium.cat\/ca\/?s={search_term_string}\"},\"query-input\":{\"@type\":\"PropertyValueSpecification\",\"valueRequired\":true,\"valueName\":\"search_term_string\"}}],\"inLanguage\":\"ca\"},{\"@type\":\"Organization\",\"@id\":\"https:\/\/www.omnium.cat\/ca\/#organization\",\"name\":\"\u00d2mnium Cultural\",\"url\":\"https:\/\/www.omnium.cat\/ca\/\",\"logo\":{\"@type\":\"ImageObject\",\"inLanguage\":\"ca\",\"@id\":\"https:\/\/www.omnium.cat\/ca\/#\/schema\/logo\/image\/\",\"url\":\"https:\/\/cdn.omnium.cat\/wp-content\/uploads\/2019\/06\/01112517\/cropped-omnium_logo-1.png\",\"contentUrl\":\"https:\/\/cdn.omnium.cat\/wp-content\/uploads\/2019\/06\/01112517\/cropped-omnium_logo-1.png\",\"width\":1213,\"height\":262,\"caption\":\"\u00d2mnium Cultural\"},\"image\":{\"@id\":\"https:\/\/www.omnium.cat\/ca\/#\/schema\/logo\/image\/\"},\"sameAs\":[\"https:\/\/www.facebook.com\/omniumcultural\",\"https:\/\/x.com\/omnium\",\"https:\/\/www.instagram.com\/omniumcultural\/\",\"https:\/\/www.youtube.com\/user\/omniumcultural\"]}]}<\/script>\n<!-- \/ Yoast SEO plugin. -->","yoast_head_json":{"title":"Peta el Pod! Concurs de p\u00f2dcast en catal\u00e0 - \u00d2mnium Cultural","description":"Peta el Pod! \u00e9s el concurs de p\u00f2dcasts en catal\u00e0 organitzat per \u00d2mnium Sant Cugat per incentivar el talent de joves creadors del nostre pa\u00eds","robots":{"index":"index","follow":"follow","max-snippet":"max-snippet:-1","max-image-preview":"max-image-preview:large","max-video-preview":"max-video-preview:-1"},"canonical":"https:\/\/www.omnium.cat\/ca\/seus\/sant-cugat-del-valles\/petaelpod\/","twitter_misc":{"Temps estimat de lectura":"2 minuts"},"schema":{"@context":"https:\/\/schema.org","@graph":[{"@type":"WebPage","@id":"https:\/\/www.omnium.cat\/ca\/seus\/sant-cugat-del-valles\/petaelpod\/","url":"https:\/\/www.omnium.cat\/ca\/seus\/sant-cugat-del-valles\/petaelpod\/","name":"Peta el Pod! Concurs de p\u00f2dcast en catal\u00e0 - \u00d2mnium Cultural","isPartOf":{"@id":"https:\/\/www.omnium.cat\/ca\/#website"},"primaryImageOfPage":{"@id":"https:\/\/www.omnium.cat\/ca\/seus\/sant-cugat-del-valles\/petaelpod\/#primaryimage"},"image":{"@id":"https:\/\/www.omnium.cat\/ca\/seus\/sant-cugat-del-valles\/petaelpod\/#primaryimage"},"thumbnailUrl":"https:\/\/www.omnium.cat\/wp-content\/uploads\/Peta-el-pod.png","datePublished":"2022-04-19T10:52:16+00:00","dateModified":"2026-03-27T12:06:58+00:00","description":"Peta el Pod! \u00e9s el concurs de p\u00f2dcasts en catal\u00e0 organitzat per \u00d2mnium Sant Cugat per incentivar el talent de joves creadors del nostre pa\u00eds","breadcrumb":{"@id":"https:\/\/www.omnium.cat\/ca\/seus\/sant-cugat-del-valles\/petaelpod\/#breadcrumb"},"inLanguage":"ca","potentialAction":[{"@type":"ReadAction","target":["https:\/\/www.omnium.cat\/ca\/seus\/sant-cugat-del-valles\/petaelpod\/"]}]},{"@type":"ImageObject","inLanguage":"ca","@id":"https:\/\/www.omnium.cat\/ca\/seus\/sant-cugat-del-valles\/petaelpod\/#primaryimage","url":"https:\/\/www.omnium.cat\/wp-content\/uploads\/Peta-el-pod.png","contentUrl":"https:\/\/www.omnium.cat\/wp-content\/uploads\/Peta-el-pod.png"},{"@type":"BreadcrumbList","@id":"https:\/\/www.omnium.cat\/ca\/seus\/sant-cugat-del-valles\/petaelpod\/#breadcrumb","itemListElement":[{"@type":"ListItem","position":1,"name":"Inici","item":"https:\/\/www.omnium.cat\/ca\/"},{"@type":"ListItem","position":2,"name":"Seus","item":"https:\/\/www.omnium.cat\/ca\/seus\/"},{"@type":"ListItem","position":3,"name":"Sant Cugat del Vall\u00e8s","item":"https:\/\/www.omnium.cat\/ca\/seus\/sant-cugat-del-valles\/"},{"@type":"ListItem","position":4,"name":"Peta el Pod! Concurs de p\u00f2dcast en catal\u00e0"}]},{"@type":"WebSite","@id":"https:\/\/www.omnium.cat\/ca\/#website","url":"https:\/\/www.omnium.cat\/ca\/","name":"\u00d2mnium Cultural","description":"Llengua Cultura Pa\u00eds","publisher":{"@id":"https:\/\/www.omnium.cat\/ca\/#organization"},"potentialAction":[{"@type":"SearchAction","target":{"@type":"EntryPoint","urlTemplate":"https:\/\/www.omnium.cat\/ca\/?s={search_term_string}"},"query-input":{"@type":"PropertyValueSpecification","valueRequired":true,"valueName":"search_term_string"}}],"inLanguage":"ca"},{"@type":"Organization","@id":"https:\/\/www.omnium.cat\/ca\/#organization","name":"\u00d2mnium Cultural","url":"https:\/\/www.omnium.cat\/ca\/","logo":{"@type":"ImageObject","inLanguage":"ca","@id":"https:\/\/www.omnium.cat\/ca\/#\/schema\/logo\/image\/","url":"https:\/\/cdn.omnium.cat\/wp-content\/uploads\/2019\/06\/01112517\/cropped-omnium_logo-1.png","contentUrl":"https:\/\/cdn.omnium.cat\/wp-content\/uploads\/2019\/06\/01112517\/cropped-omnium_logo-1.png","width":1213,"height":262,"caption":"\u00d2mnium Cultural"},"image":{"@id":"https:\/\/www.omnium.cat\/ca\/#\/schema\/logo\/image\/"},"sameAs":["https:\/\/www.facebook.com\/omniumcultural","https:\/\/x.com\/omnium","https:\/\/www.instagram.com\/omniumcultural\/","https:\/\/www.youtube.com\/user\/omniumcultural"]}]}},"_links":{"self":[{"href":"https:\/\/www.omnium.cat\/ca\/wp-json\/wp\/v2\/pages\/328925","targetHints":{"allow":["GET"]}}],"collection":[{"href":"https:\/\/www.omnium.cat\/ca\/wp-json\/wp\/v2\/pages"}],"about":[{"href":"https:\/\/www.omnium.cat\/ca\/wp-json\/wp\/v2\/types\/page"}],"author":[{"embeddable":true,"href":"https:\/\/www.omnium.cat\/ca\/wp-json\/wp\/v2\/users\/184"}],"replies":[{"embeddable":true,"href":"https:\/\/www.omnium.cat\/ca\/wp-json\/wp\/v2\/comments?post=328925"}],"version-history":[{"count":35,"href":"https:\/\/www.omnium.cat\/ca\/wp-json\/wp\/v2\/pages\/328925\/revisions"}],"predecessor-version":[{"id":453459,"href":"https:\/\/www.omnium.cat\/ca\/wp-json\/wp\/v2\/pages\/328925\/revisions\/453459"}],"up":[{"embeddable":true,"href":"https:\/\/www.omnium.cat\/ca\/wp-json\/wp\/v2\/pages\/17323"}],"wp:attachment":[{"href":"https:\/\/www.omnium.cat\/ca\/wp-json\/wp\/v2\/media?parent=328925"}],"curies":[{"name":"wp","href":"https:\/\/api.w.org\/{rel}","templated":true}]}}