{"id":38047,"date":"2018-06-15T12:32:40","date_gmt":"2018-06-15T10:32:40","guid":{"rendered":"http:\/\/omnium.whads.com\/projectes\/flama-canigo\/missatge\/"},"modified":"2025-05-23T11:09:51","modified_gmt":"2025-05-23T09:09:51","slug":"missatge","status":"publish","type":"page","link":"https:\/\/www.omnium.cat\/ca\/projectes\/flama-canigo\/missatge\/","title":{"rendered":"Missatge"},"content":{"rendered":"\t\t<div data-elementor-type=\"wp-post\" data-elementor-id=\"38047\" class=\"elementor elementor-38047\" data-elementor-post-type=\"page\">\n\t\t\t\t\t\t<section class=\"elementor-section elementor-top-section elementor-element elementor-element-c507402 elementor-section-boxed elementor-section-height-default elementor-section-height-default fullpage-js-section-no fullpage-js-position-centered background-video-grayscale-no\" data-id=\"c507402\" data-element_type=\"section\" data-e-type=\"section\">\n\t\t\t\t\t\t<div class=\"elementor-container elementor-column-gap-default\">\n\t\t\t\t\t<div class=\"elementor-column elementor-col-16 elementor-top-column elementor-element elementor-element-5a5463a\" data-id=\"5a5463a\" data-element_type=\"column\" data-e-type=\"column\">\n\t\t\t<div class=\"elementor-widget-wrap\">\n\t\t\t\t\t\t\t<\/div>\n\t\t<\/div>\n\t\t\t\t<div class=\"elementor-column elementor-col-66 elementor-top-column elementor-element elementor-element-b02ea6c\" data-id=\"b02ea6c\" data-element_type=\"column\" data-e-type=\"column\">\n\t\t\t<div class=\"elementor-widget-wrap elementor-element-populated\">\n\t\t\t\t\t\t<div class=\"elementor-element elementor-element-1a84660 elementor-widget elementor-widget-text-editor\" data-id=\"1a84660\" data-element_type=\"widget\" data-e-type=\"widget\" data-widget_type=\"text-editor.default\">\n\t\t\t\t<div class=\"elementor-widget-container\">\n\t\t\t\t\t\t\t\t\t<p><b>Cada any, a la trobada d&#8217;equips de foc de Sant Joan, es decideix conjuntament a qui es demanar\u00e0 que faci el missatge que es llegir\u00e0 arreu dels Pa\u00efsos Catalans abans d&#8217;encendre les fogueres. Ja tenim el missatge de l&#8217;edici\u00f3 2025, escrit per Pere Mateu:<\/b><\/p>\t\t\t\t\t\t\t\t<\/div>\n\t\t\t\t<\/div>\n\t\t\t\t<div class=\"elementor-element elementor-element-b9ceb2e elementor-widget elementor-widget-text-editor\" data-id=\"b9ceb2e\" data-element_type=\"widget\" data-e-type=\"widget\" data-widget_type=\"text-editor.default\">\n\t\t\t\t<div class=\"elementor-widget-container\">\n\t\t\t\t\t\t\t\t\t<p style=\"text-align: left;\">\n<\/p><p>Amigues i amics, BONA TARDA!<\/p>\n<p>El FOC \u00e9s la m\u00e9s gran descoberta de la humanitat i el primer element de civilitzaci\u00f3, de protecci\u00f3 i de progr\u00e9s. No ens estranyem doncs que sigui la primera i m\u00e9s antiga tradici\u00f3 on els humans es reunien en el seu entorn per saludar la vinguda del solstici d&#8217;estiu, temps d&#8217;abund\u00e0ncia i de collites. Despr\u00e9s vingueren les Fogueres de Sant Joan.<\/p>\n<p>A partir dels anys seixanta, la Flama eterna creada al Castellet dona vida cada any a una foguera al cim m\u00edtic Canig\u00f3. amb el foc de la qual s&#8217;encenen milers de fogueres. La Flama del Canig\u00f3 s&#8217;ha transformat a poc a poc en s\u00edmbol de llibertat, d&#8217;unitat i de defensa de la llengua, la cultura i lestradicions catalanes per ser avui dia Festa Nacional dels Pa\u00efsos Catalans.<\/p>\n<p>El vallespirenc Joan Tocabens en el poema <i>Nit de Sant Joan<\/i> esciu:<\/p>\n<p><span style=\"font-family: 'Times New Roman', serif; font-size: 17pt; font-style: normal; font-variant-caps: normal; white-space: pre-wrap; color: var( --e-global-color-text );\">\u00ab<\/span><i>\u00c9s la m\u00e9s bella nit, quan cada cor inventa,<\/i><\/p>\n<p><i>poemes d&#8217;infinit, en la calma silent,<\/i><\/p>\n<p><i>quan un poble esquin\u00e7at pot reunir els germans<\/i><\/p>\n<p><i>i sobre una frontera es rebusquen les mans.<\/i><span style=\"font-family: 'Times New Roman', serif; font-size: 17pt; font-style: normal; font-variant-caps: normal; white-space: pre-wrap; color: var( --e-global-color-text );\">\u00bb<\/span><\/p>\n<p>La Flama del Canig\u00f3 \u00e9s el s\u00edmbol m\u00e0gic de les virtuts arrelades a les nostres terres i, de la nit, la m\u00e9s curta de l&#8217;any. Sortiu al carrer a rebre la Flama! Gaudiu de la vida i de la Festa de Sant Joan, i amb la Flama del Canig\u00f3, ambaixadora de tot un poble, us desitgem bona revetlla i que aquessta nit sigui per a tothom una nit d&#8217;alegria, de pau i de germanor.&nbsp;<\/p>\n<p>De Salses a Guardamar i de Fraga a Ma\u00f3: Visca la Flama del Canig\u00f3! Visquin les fogueres de Sant Joan! Visquin els Pa\u00efsos Catalans! I visca&#8230; (nom de la poblaci\u00f3 que rep la Flama) &nbsp; &nbsp;<\/p>\n<p><b>Pere Mateu<\/b><br><b style=\"font-family: 'Roboto Slab', sans-serif; font-style: normal; font-variant-caps: normal; font-size: 16px;\">Cotlliure<\/b><b>, 2025<\/b><\/p>\t\t\t\t\t\t\t\t<\/div>\n\t\t\t\t<\/div>\n\t\t\t\t<div class=\"elementor-element elementor-element-4a87615 elementor-align-center elementor-widget elementor-widget-button\" data-id=\"4a87615\" data-element_type=\"widget\" data-e-type=\"widget\" data-widget_type=\"button.default\">\n\t\t\t\t<div class=\"elementor-widget-container\">\n\t\t\t\t\t\t\t\t\t<div class=\"elementor-button-wrapper\">\n\t\t\t\t\t<a class=\"elementor-button elementor-button-link elementor-size-sm\" href=\"https:\/\/cdn.omnium.cat\/wp-content\/uploads\/2025\/05\/23110627\/DINA_A4_MANIFEST_25.pdf\">\n\t\t\t\t\t\t<span class=\"elementor-button-content-wrapper\">\n\t\t\t\t\t\t\t\t\t<span class=\"elementor-button-text\">Descarrega el MISSATGE 2025<\/span>\n\t\t\t\t\t<\/span>\n\t\t\t\t\t<\/a>\n\t\t\t\t<\/div>\n\t\t\t\t\t\t\t\t<\/div>\n\t\t\t\t<\/div>\n\t\t\t\t<div class=\"elementor-element elementor-element-b4c1142 elementor-widget elementor-widget-spacer\" data-id=\"b4c1142\" data-element_type=\"widget\" data-e-type=\"widget\" data-widget_type=\"spacer.default\">\n\t\t\t\t<div class=\"elementor-widget-container\">\n\t\t\t\t\t\t\t<div class=\"elementor-spacer\">\n\t\t\t<div class=\"elementor-spacer-inner\"><\/div>\n\t\t<\/div>\n\t\t\t\t\t\t<\/div>\n\t\t\t\t<\/div>\n\t\t\t\t\t<\/div>\n\t\t<\/div>\n\t\t\t\t<div class=\"elementor-column elementor-col-16 elementor-top-column elementor-element elementor-element-4dfce29\" data-id=\"4dfce29\" data-element_type=\"column\" data-e-type=\"column\">\n\t\t\t<div class=\"elementor-widget-wrap\">\n\t\t\t\t\t\t\t<\/div>\n\t\t<\/div>\n\t\t\t\t\t<\/div>\n\t\t<\/section>\n\t\t\t\t<\/div>\n\t\t","protected":false},"excerpt":{"rendered":"<p>Cada any, a la trobada d&#8217;equips de foc de Sant Joan, es decideix conjuntament a qui es demanar\u00e0 que faci el missatge que es llegir\u00e0 arreu dels Pa\u00efsos Catalans abans [&hellip;]<\/p>\n","protected":false},"author":107,"featured_media":0,"parent":17384,"menu_order":4,"comment_status":"closed","ping_status":"closed","template":"","meta":{"_acf_changed":false,"footnotes":""},"class_list":["post-38047","page","type-page","status-publish","hentry"],"acf":[],"yoast_head":"<!-- This site is optimized with the Yoast SEO plugin v27.2 - https:\/\/yoast.com\/product\/yoast-seo-wordpress\/ -->\n<title>Missatge - \u00d2mnium Cultural<\/title>\n<meta name=\"robots\" content=\"index, follow, max-snippet:-1, max-image-preview:large, max-video-preview:-1\" \/>\n<link rel=\"canonical\" href=\"https:\/\/www.omnium.cat\/ca\/projectes\/flama-canigo\/missatge\/\" \/>\n<meta name=\"twitter:label1\" content=\"Temps estimat de lectura\" \/>\n\t<meta name=\"twitter:data1\" content=\"2 minuts\" \/>\n<script type=\"application\/ld+json\" class=\"yoast-schema-graph\">{\"@context\":\"https:\/\/schema.org\",\"@graph\":[{\"@type\":\"WebPage\",\"@id\":\"https:\/\/www.omnium.cat\/ca\/projectes\/flama-canigo\/missatge\/\",\"url\":\"https:\/\/www.omnium.cat\/ca\/projectes\/flama-canigo\/missatge\/\",\"name\":\"Missatge - \u00d2mnium Cultural\",\"isPartOf\":{\"@id\":\"https:\/\/www.omnium.cat\/ca\/#website\"},\"datePublished\":\"2018-06-15T10:32:40+00:00\",\"dateModified\":\"2025-05-23T09:09:51+00:00\",\"breadcrumb\":{\"@id\":\"https:\/\/www.omnium.cat\/ca\/projectes\/flama-canigo\/missatge\/#breadcrumb\"},\"inLanguage\":\"ca\",\"potentialAction\":[{\"@type\":\"ReadAction\",\"target\":[\"https:\/\/www.omnium.cat\/ca\/projectes\/flama-canigo\/missatge\/\"]}]},{\"@type\":\"BreadcrumbList\",\"@id\":\"https:\/\/www.omnium.cat\/ca\/projectes\/flama-canigo\/missatge\/#breadcrumb\",\"itemListElement\":[{\"@type\":\"ListItem\",\"position\":1,\"name\":\"Inici\",\"item\":\"https:\/\/www.omnium.cat\/ca\/\"},{\"@type\":\"ListItem\",\"position\":2,\"name\":\"Projectes\",\"item\":\"https:\/\/www.omnium.cat\/ca\/projectes\/\"},{\"@type\":\"ListItem\",\"position\":3,\"name\":\"Flama del Canig\u00f3\",\"item\":\"https:\/\/www.omnium.cat\/ca\/projectes\/flama-canigo\/\"},{\"@type\":\"ListItem\",\"position\":4,\"name\":\"Missatge\"}]},{\"@type\":\"WebSite\",\"@id\":\"https:\/\/www.omnium.cat\/ca\/#website\",\"url\":\"https:\/\/www.omnium.cat\/ca\/\",\"name\":\"\u00d2mnium Cultural\",\"description\":\"Llengua Cultura Pa\u00eds\",\"publisher\":{\"@id\":\"https:\/\/www.omnium.cat\/ca\/#organization\"},\"potentialAction\":[{\"@type\":\"SearchAction\",\"target\":{\"@type\":\"EntryPoint\",\"urlTemplate\":\"https:\/\/www.omnium.cat\/ca\/?s={search_term_string}\"},\"query-input\":{\"@type\":\"PropertyValueSpecification\",\"valueRequired\":true,\"valueName\":\"search_term_string\"}}],\"inLanguage\":\"ca\"},{\"@type\":\"Organization\",\"@id\":\"https:\/\/www.omnium.cat\/ca\/#organization\",\"name\":\"\u00d2mnium Cultural\",\"url\":\"https:\/\/www.omnium.cat\/ca\/\",\"logo\":{\"@type\":\"ImageObject\",\"inLanguage\":\"ca\",\"@id\":\"https:\/\/www.omnium.cat\/ca\/#\/schema\/logo\/image\/\",\"url\":\"https:\/\/cdn.omnium.cat\/wp-content\/uploads\/2019\/06\/01112517\/cropped-omnium_logo-1.png\",\"contentUrl\":\"https:\/\/cdn.omnium.cat\/wp-content\/uploads\/2019\/06\/01112517\/cropped-omnium_logo-1.png\",\"width\":1213,\"height\":262,\"caption\":\"\u00d2mnium Cultural\"},\"image\":{\"@id\":\"https:\/\/www.omnium.cat\/ca\/#\/schema\/logo\/image\/\"},\"sameAs\":[\"https:\/\/www.facebook.com\/omniumcultural\",\"https:\/\/x.com\/omnium\",\"https:\/\/www.instagram.com\/omniumcultural\/\",\"https:\/\/www.youtube.com\/user\/omniumcultural\"]}]}<\/script>\n<!-- \/ Yoast SEO plugin. -->","yoast_head_json":{"title":"Missatge - \u00d2mnium Cultural","robots":{"index":"index","follow":"follow","max-snippet":"max-snippet:-1","max-image-preview":"max-image-preview:large","max-video-preview":"max-video-preview:-1"},"canonical":"https:\/\/www.omnium.cat\/ca\/projectes\/flama-canigo\/missatge\/","twitter_misc":{"Temps estimat de lectura":"2 minuts"},"schema":{"@context":"https:\/\/schema.org","@graph":[{"@type":"WebPage","@id":"https:\/\/www.omnium.cat\/ca\/projectes\/flama-canigo\/missatge\/","url":"https:\/\/www.omnium.cat\/ca\/projectes\/flama-canigo\/missatge\/","name":"Missatge - \u00d2mnium Cultural","isPartOf":{"@id":"https:\/\/www.omnium.cat\/ca\/#website"},"datePublished":"2018-06-15T10:32:40+00:00","dateModified":"2025-05-23T09:09:51+00:00","breadcrumb":{"@id":"https:\/\/www.omnium.cat\/ca\/projectes\/flama-canigo\/missatge\/#breadcrumb"},"inLanguage":"ca","potentialAction":[{"@type":"ReadAction","target":["https:\/\/www.omnium.cat\/ca\/projectes\/flama-canigo\/missatge\/"]}]},{"@type":"BreadcrumbList","@id":"https:\/\/www.omnium.cat\/ca\/projectes\/flama-canigo\/missatge\/#breadcrumb","itemListElement":[{"@type":"ListItem","position":1,"name":"Inici","item":"https:\/\/www.omnium.cat\/ca\/"},{"@type":"ListItem","position":2,"name":"Projectes","item":"https:\/\/www.omnium.cat\/ca\/projectes\/"},{"@type":"ListItem","position":3,"name":"Flama del Canig\u00f3","item":"https:\/\/www.omnium.cat\/ca\/projectes\/flama-canigo\/"},{"@type":"ListItem","position":4,"name":"Missatge"}]},{"@type":"WebSite","@id":"https:\/\/www.omnium.cat\/ca\/#website","url":"https:\/\/www.omnium.cat\/ca\/","name":"\u00d2mnium Cultural","description":"Llengua Cultura Pa\u00eds","publisher":{"@id":"https:\/\/www.omnium.cat\/ca\/#organization"},"potentialAction":[{"@type":"SearchAction","target":{"@type":"EntryPoint","urlTemplate":"https:\/\/www.omnium.cat\/ca\/?s={search_term_string}"},"query-input":{"@type":"PropertyValueSpecification","valueRequired":true,"valueName":"search_term_string"}}],"inLanguage":"ca"},{"@type":"Organization","@id":"https:\/\/www.omnium.cat\/ca\/#organization","name":"\u00d2mnium Cultural","url":"https:\/\/www.omnium.cat\/ca\/","logo":{"@type":"ImageObject","inLanguage":"ca","@id":"https:\/\/www.omnium.cat\/ca\/#\/schema\/logo\/image\/","url":"https:\/\/cdn.omnium.cat\/wp-content\/uploads\/2019\/06\/01112517\/cropped-omnium_logo-1.png","contentUrl":"https:\/\/cdn.omnium.cat\/wp-content\/uploads\/2019\/06\/01112517\/cropped-omnium_logo-1.png","width":1213,"height":262,"caption":"\u00d2mnium Cultural"},"image":{"@id":"https:\/\/www.omnium.cat\/ca\/#\/schema\/logo\/image\/"},"sameAs":["https:\/\/www.facebook.com\/omniumcultural","https:\/\/x.com\/omnium","https:\/\/www.instagram.com\/omniumcultural\/","https:\/\/www.youtube.com\/user\/omniumcultural"]}]}},"_links":{"self":[{"href":"https:\/\/www.omnium.cat\/ca\/wp-json\/wp\/v2\/pages\/38047","targetHints":{"allow":["GET"]}}],"collection":[{"href":"https:\/\/www.omnium.cat\/ca\/wp-json\/wp\/v2\/pages"}],"about":[{"href":"https:\/\/www.omnium.cat\/ca\/wp-json\/wp\/v2\/types\/page"}],"author":[{"embeddable":true,"href":"https:\/\/www.omnium.cat\/ca\/wp-json\/wp\/v2\/users\/107"}],"replies":[{"embeddable":true,"href":"https:\/\/www.omnium.cat\/ca\/wp-json\/wp\/v2\/comments?post=38047"}],"version-history":[{"count":86,"href":"https:\/\/www.omnium.cat\/ca\/wp-json\/wp\/v2\/pages\/38047\/revisions"}],"predecessor-version":[{"id":437162,"href":"https:\/\/www.omnium.cat\/ca\/wp-json\/wp\/v2\/pages\/38047\/revisions\/437162"}],"up":[{"embeddable":true,"href":"https:\/\/www.omnium.cat\/ca\/wp-json\/wp\/v2\/pages\/17384"}],"wp:attachment":[{"href":"https:\/\/www.omnium.cat\/ca\/wp-json\/wp\/v2\/media?parent=38047"}],"curies":[{"name":"wp","href":"https:\/\/api.w.org\/{rel}","templated":true}]}}