{"id":177627,"date":"2019-01-14T09:00:54","date_gmt":"2019-01-14T08:00:54","guid":{"rendered":"https:\/\/www2.omnium.cat\/?post_type=tribe_events&#038;p=177627"},"modified":"2019-01-15T23:24:17","modified_gmt":"2019-01-15T22:24:17","slug":"gracia-i-literatura","status":"publish","type":"tribe_events","link":"https:\/\/www.omnium.cat\/ca\/activitat\/gracia-i-literatura\/","title":{"rendered":"Gr\u00e0cia i literatura"},"content":{"rendered":"<p>La llibreria No llegiu del Poblenou ofereix un munt d&#8217;activitats i cursos per apropar-se a la literatura i a l&#8217;art. Aquest mes de gener us proposem comen\u00e7ar a l&#8217;any apuntant-vos a un programa que ens apropa a alguns dels autors que han viscut i escrit al barri barcelon\u00ed de Gr\u00e0cia.<\/p>\n<p>A la Vila de Gr\u00e0cia existeixi una forta tradici\u00f3 liter\u00e0ria; grans noms de la literatura de Catalunya l\u2019han retratat de mil i una maneres.<\/p>\n<p>Amb aquest curs, recorrerem alguns exemples per descobri-ne la veu i la hist\u00f2ria del barri del moment de les novel.les per comprendre l\u2019estreta relaci\u00f3 entre vida i literatura.<\/p>\n<p>Els socis i s\u00f2cies en podreu gaudir amb un preu especial de <strong>140 \u20ac per les quatre sessions<\/strong>, que abordaran quatre temes fonamentals:<\/p>\n<ul>\n<li>El cas Rodoreda: el paradigma de la pla\u00e7a del Diamant<\/li>\n<li>Juan Mars\u00e9, el record i la frontera.<\/li>\n<li>Vila-Matas o una Gr\u00e0cia desconeguda<\/li>\n<li>El segle XXI i la nova literatura de la Vila<\/li>\n<\/ul>\n<p>El llibreter i el professor, Jordi Coromines, us recomanen rellegir algunes obres abans del curs, per\u00f2 cal haver-les llegit totes, es tracta de descobrir-les:<\/p>\n<p>La pla\u00e7a del Diamant,\u00a0Merc\u00e8 Rodoreda<br \/>\nUn d\u00eda volver\u00e9,\u00a0 Juan Mars\u00e9.<br \/>\nExtra\u00f1a forma de vida,\u00a0Enrique Vila-Matas.<br \/>\nJos\u00e9 Garc\u00eda,\u00a0Jordi Corominas.<\/p>\n<p><strong>Per inscriure-us, feu servir aquest <a href=\"https:\/\/www.nollegiu.cat\/inscripcio\/cursos-que-fare\/gracia-i-literatura\/\">enlla\u00e7<\/a>.<\/strong><\/p>\n<h3>Resum de l&#8217;activitat<\/h3>\n<ul>\n<li>18 i 25 de febrer i 4 i 11 de mar\u00e7. (Dilluns) 18:30-20:30h<\/li>\n<li>Biblioteca Vila de Gr\u00e0cia. \u00daltima sessi\u00f3 a la llibreria Nollegiu<\/li>\n<li>Preu especial per socis: 140 \u20ac<\/li>\n<li>Reserves:\u00a0https:\/\/www.nollegiu.cat\/inscripcio\/cursos-que-fare\/gracia-i-literatura\/<\/li>\n<\/ul>\n","protected":false},"excerpt":{"rendered":"<p>Recorrerem el barri mesclant-los amb la Hist\u00f2ria del moment de les novel.les de Rodoreda, Marc\u00e9 i Vila-Matas, per comprendre l\u2019estreta relaci\u00f3 entre vida i literatura.<\/p>\n","protected":false},"author":126,"featured_media":177628,"template":"","meta":{"_acf_changed":false,"_tribe_events_status":"","_tribe_events_status_reason":"","_tribe_events_is_hybrid":"","_tribe_events_is_virtual":"","_tribe_events_virtual_video_source":"","_tribe_events_virtual_embed_video":"","_tribe_events_virtual_linked_button_text":"","_tribe_events_virtual_linked_button":"","_tribe_events_virtual_show_embed_at":"","_tribe_events_virtual_show_embed_to":[],"_tribe_events_virtual_show_on_event":"","_tribe_events_virtual_show_on_views":"","_tribe_events_virtual_url":"","footnotes":""},"tags":[],"post_headquarter":[1758,3125],"post_project":[],"tribe_events_cat":[3293,3113,3112,3547],"class_list":["post-177627","tribe_events","type-tribe_events","status-publish","has-post-thumbnail","hentry","post_headquarter-barcelona-gracia","post_headquarter-sant-marti","tribe_events_cat-conferencies-i-xerrades","tribe_events_cat-llibres","tribe_events_cat-rutes-i-visites","tribe_events_cat-tallers","cat_conferencies-i-xerrades","cat_llibres","cat_rutes-i-visites","cat_tallers"],"acf":[],"yoast_head":"<!-- This site is optimized with the Yoast SEO plugin v27.2 - https:\/\/yoast.com\/product\/yoast-seo-wordpress\/ -->\n<title>Gr\u00e0cia i literatura - \u00d2mnium Cultural<\/title>\n<meta name=\"robots\" content=\"index, follow, max-snippet:-1, max-image-preview:large, max-video-preview:-1\" \/>\n<link rel=\"canonical\" href=\"https:\/\/www.omnium.cat\/ca\/activitat\/gracia-i-literatura\/\" \/>\n<meta name=\"twitter:label1\" content=\"Temps estimat de lectura\" \/>\n\t<meta name=\"twitter:data1\" content=\"1 minut\" \/>\n<script type=\"application\/ld+json\" class=\"yoast-schema-graph\">{\"@context\":\"https:\/\/schema.org\",\"@graph\":[{\"@type\":\"WebPage\",\"@id\":\"https:\/\/www.omnium.cat\/ca\/activitat\/gracia-i-literatura\/\",\"url\":\"https:\/\/www.omnium.cat\/ca\/activitat\/gracia-i-literatura\/\",\"name\":\"Gr\u00e0cia i literatura - \u00d2mnium Cultural\",\"isPartOf\":{\"@id\":\"https:\/\/www.omnium.cat\/ca\/#website\"},\"primaryImageOfPage\":{\"@id\":\"https:\/\/www.omnium.cat\/ca\/activitat\/gracia-i-literatura\/#primaryimage\"},\"image\":{\"@id\":\"https:\/\/www.omnium.cat\/ca\/activitat\/gracia-i-literatura\/#primaryimage\"},\"thumbnailUrl\":\"https:\/\/cdn.omnium.cat\/wp-content\/uploads\/2019\/01\/01015615\/GRACIAILITERATURA.jpg\",\"datePublished\":\"2019-01-14T08:00:54+00:00\",\"dateModified\":\"2019-01-15T22:24:17+00:00\",\"breadcrumb\":{\"@id\":\"https:\/\/www.omnium.cat\/ca\/activitat\/gracia-i-literatura\/#breadcrumb\"},\"inLanguage\":\"ca\",\"potentialAction\":[{\"@type\":\"ReadAction\",\"target\":[\"https:\/\/www.omnium.cat\/ca\/activitat\/gracia-i-literatura\/\"]}]},{\"@type\":\"ImageObject\",\"inLanguage\":\"ca\",\"@id\":\"https:\/\/www.omnium.cat\/ca\/activitat\/gracia-i-literatura\/#primaryimage\",\"url\":\"https:\/\/cdn.omnium.cat\/wp-content\/uploads\/2019\/01\/01015615\/GRACIAILITERATURA.jpg\",\"contentUrl\":\"https:\/\/cdn.omnium.cat\/wp-content\/uploads\/2019\/01\/01015615\/GRACIAILITERATURA.jpg\",\"width\":800,\"height\":472},{\"@type\":\"BreadcrumbList\",\"@id\":\"https:\/\/www.omnium.cat\/ca\/activitat\/gracia-i-literatura\/#breadcrumb\",\"itemListElement\":[{\"@type\":\"ListItem\",\"position\":1,\"name\":\"Inici\",\"item\":\"https:\/\/www.omnium.cat\/ca\/\"},{\"@type\":\"ListItem\",\"position\":2,\"name\":\"Esdeveniments\",\"item\":\"https:\/\/www.omnium.cat\/ca\/llistat-activitats\/\"},{\"@type\":\"ListItem\",\"position\":3,\"name\":\"Gr\u00e0cia i literatura\"}]},{\"@type\":\"WebSite\",\"@id\":\"https:\/\/www.omnium.cat\/ca\/#website\",\"url\":\"https:\/\/www.omnium.cat\/ca\/\",\"name\":\"\u00d2mnium Cultural\",\"description\":\"Llengua Cultura Pa\u00eds\",\"publisher\":{\"@id\":\"https:\/\/www.omnium.cat\/ca\/#organization\"},\"potentialAction\":[{\"@type\":\"SearchAction\",\"target\":{\"@type\":\"EntryPoint\",\"urlTemplate\":\"https:\/\/www.omnium.cat\/ca\/?s={search_term_string}\"},\"query-input\":{\"@type\":\"PropertyValueSpecification\",\"valueRequired\":true,\"valueName\":\"search_term_string\"}}],\"inLanguage\":\"ca\"},{\"@type\":\"Organization\",\"@id\":\"https:\/\/www.omnium.cat\/ca\/#organization\",\"name\":\"\u00d2mnium Cultural\",\"url\":\"https:\/\/www.omnium.cat\/ca\/\",\"logo\":{\"@type\":\"ImageObject\",\"inLanguage\":\"ca\",\"@id\":\"https:\/\/www.omnium.cat\/ca\/#\/schema\/logo\/image\/\",\"url\":\"https:\/\/cdn.omnium.cat\/wp-content\/uploads\/2019\/06\/01112517\/cropped-omnium_logo-1.png\",\"contentUrl\":\"https:\/\/cdn.omnium.cat\/wp-content\/uploads\/2019\/06\/01112517\/cropped-omnium_logo-1.png\",\"width\":1213,\"height\":262,\"caption\":\"\u00d2mnium Cultural\"},\"image\":{\"@id\":\"https:\/\/www.omnium.cat\/ca\/#\/schema\/logo\/image\/\"},\"sameAs\":[\"https:\/\/www.facebook.com\/omniumcultural\",\"https:\/\/x.com\/omnium\",\"https:\/\/www.instagram.com\/omniumcultural\/\",\"https:\/\/www.youtube.com\/user\/omniumcultural\"]}]}<\/script>\n<!-- \/ Yoast SEO plugin. -->","yoast_head_json":{"title":"Gr\u00e0cia i literatura - \u00d2mnium Cultural","robots":{"index":"index","follow":"follow","max-snippet":"max-snippet:-1","max-image-preview":"max-image-preview:large","max-video-preview":"max-video-preview:-1"},"canonical":"https:\/\/www.omnium.cat\/ca\/activitat\/gracia-i-literatura\/","twitter_misc":{"Temps estimat de lectura":"1 minut"},"schema":{"@context":"https:\/\/schema.org","@graph":[{"@type":"WebPage","@id":"https:\/\/www.omnium.cat\/ca\/activitat\/gracia-i-literatura\/","url":"https:\/\/www.omnium.cat\/ca\/activitat\/gracia-i-literatura\/","name":"Gr\u00e0cia i literatura - \u00d2mnium Cultural","isPartOf":{"@id":"https:\/\/www.omnium.cat\/ca\/#website"},"primaryImageOfPage":{"@id":"https:\/\/www.omnium.cat\/ca\/activitat\/gracia-i-literatura\/#primaryimage"},"image":{"@id":"https:\/\/www.omnium.cat\/ca\/activitat\/gracia-i-literatura\/#primaryimage"},"thumbnailUrl":"https:\/\/cdn.omnium.cat\/wp-content\/uploads\/2019\/01\/01015615\/GRACIAILITERATURA.jpg","datePublished":"2019-01-14T08:00:54+00:00","dateModified":"2019-01-15T22:24:17+00:00","breadcrumb":{"@id":"https:\/\/www.omnium.cat\/ca\/activitat\/gracia-i-literatura\/#breadcrumb"},"inLanguage":"ca","potentialAction":[{"@type":"ReadAction","target":["https:\/\/www.omnium.cat\/ca\/activitat\/gracia-i-literatura\/"]}]},{"@type":"ImageObject","inLanguage":"ca","@id":"https:\/\/www.omnium.cat\/ca\/activitat\/gracia-i-literatura\/#primaryimage","url":"https:\/\/cdn.omnium.cat\/wp-content\/uploads\/2019\/01\/01015615\/GRACIAILITERATURA.jpg","contentUrl":"https:\/\/cdn.omnium.cat\/wp-content\/uploads\/2019\/01\/01015615\/GRACIAILITERATURA.jpg","width":800,"height":472},{"@type":"BreadcrumbList","@id":"https:\/\/www.omnium.cat\/ca\/activitat\/gracia-i-literatura\/#breadcrumb","itemListElement":[{"@type":"ListItem","position":1,"name":"Inici","item":"https:\/\/www.omnium.cat\/ca\/"},{"@type":"ListItem","position":2,"name":"Esdeveniments","item":"https:\/\/www.omnium.cat\/ca\/llistat-activitats\/"},{"@type":"ListItem","position":3,"name":"Gr\u00e0cia i literatura"}]},{"@type":"WebSite","@id":"https:\/\/www.omnium.cat\/ca\/#website","url":"https:\/\/www.omnium.cat\/ca\/","name":"\u00d2mnium Cultural","description":"Llengua Cultura Pa\u00eds","publisher":{"@id":"https:\/\/www.omnium.cat\/ca\/#organization"},"potentialAction":[{"@type":"SearchAction","target":{"@type":"EntryPoint","urlTemplate":"https:\/\/www.omnium.cat\/ca\/?s={search_term_string}"},"query-input":{"@type":"PropertyValueSpecification","valueRequired":true,"valueName":"search_term_string"}}],"inLanguage":"ca"},{"@type":"Organization","@id":"https:\/\/www.omnium.cat\/ca\/#organization","name":"\u00d2mnium Cultural","url":"https:\/\/www.omnium.cat\/ca\/","logo":{"@type":"ImageObject","inLanguage":"ca","@id":"https:\/\/www.omnium.cat\/ca\/#\/schema\/logo\/image\/","url":"https:\/\/cdn.omnium.cat\/wp-content\/uploads\/2019\/06\/01112517\/cropped-omnium_logo-1.png","contentUrl":"https:\/\/cdn.omnium.cat\/wp-content\/uploads\/2019\/06\/01112517\/cropped-omnium_logo-1.png","width":1213,"height":262,"caption":"\u00d2mnium Cultural"},"image":{"@id":"https:\/\/www.omnium.cat\/ca\/#\/schema\/logo\/image\/"},"sameAs":["https:\/\/www.facebook.com\/omniumcultural","https:\/\/x.com\/omnium","https:\/\/www.instagram.com\/omniumcultural\/","https:\/\/www.youtube.com\/user\/omniumcultural"]}]}},"_links":{"self":[{"href":"https:\/\/www.omnium.cat\/ca\/wp-json\/wp\/v2\/tribe_events\/177627","targetHints":{"allow":["GET"]}}],"collection":[{"href":"https:\/\/www.omnium.cat\/ca\/wp-json\/wp\/v2\/tribe_events"}],"about":[{"href":"https:\/\/www.omnium.cat\/ca\/wp-json\/wp\/v2\/types\/tribe_events"}],"author":[{"embeddable":true,"href":"https:\/\/www.omnium.cat\/ca\/wp-json\/wp\/v2\/users\/126"}],"version-history":[{"count":7,"href":"https:\/\/www.omnium.cat\/ca\/wp-json\/wp\/v2\/tribe_events\/177627\/revisions"}],"predecessor-version":[{"id":178241,"href":"https:\/\/www.omnium.cat\/ca\/wp-json\/wp\/v2\/tribe_events\/177627\/revisions\/178241"}],"wp:featuredmedia":[{"embeddable":true,"href":"https:\/\/www.omnium.cat\/ca\/wp-json\/wp\/v2\/media\/177628"}],"wp:attachment":[{"href":"https:\/\/www.omnium.cat\/ca\/wp-json\/wp\/v2\/media?parent=177627"}],"wp:term":[{"taxonomy":"post_tag","embeddable":true,"href":"https:\/\/www.omnium.cat\/ca\/wp-json\/wp\/v2\/tags?post=177627"},{"taxonomy":"post_headquarter","embeddable":true,"href":"https:\/\/www.omnium.cat\/ca\/wp-json\/wp\/v2\/post_headquarter?post=177627"},{"taxonomy":"post_project","embeddable":true,"href":"https:\/\/www.omnium.cat\/ca\/wp-json\/wp\/v2\/post_project?post=177627"},{"taxonomy":"tribe_events_cat","embeddable":true,"href":"https:\/\/www.omnium.cat\/ca\/wp-json\/wp\/v2\/tribe_events_cat?post=177627"}],"curies":[{"name":"wp","href":"https:\/\/api.w.org\/{rel}","templated":true}]}}