{"id":39746,"date":"2018-06-15T13:56:35","date_gmt":"2018-06-15T11:56:35","guid":{"rendered":"http:\/\/www.omnium.cat\/activitat\/2a-festa-de-la-independencia\/"},"modified":"2018-06-22T14:46:26","modified_gmt":"2018-06-22T12:46:26","slug":"2a-festa-de-la-independencia","status":"publish","type":"tribe_events","link":"https:\/\/www.omnium.cat\/ca\/activitat\/2a-festa-de-la-independencia\/","title":{"rendered":"2a festa de la Independ\u00e8ncia"},"content":{"rendered":"<div class=\"omnium_formatted_content\">Reserva&#8217;t el dia 11!<br \/>\nL&#8217;Orquestra Mitjanit, Miquelets de Catalunya, parades d&#8217;entitats, 25 colles geganteres, Oriol Grau, Gabriel Rufian, Agust&iacute; Alcoberro, Vicent S&agrave;nchis, Pep Andreu, homenatge al P&iacute; de les Tres Branques, sopar popular i moltes activitats m&eacute;s!<br \/>\nAquest <strong>dissabte, 11 de juliol<\/strong> hi haur&agrave; a Reus la 2a <strong>Festa per la Independ&egrave;ncia<\/strong> a la<strong> pla&ccedil;a Llibertat<\/strong> i amb activitats pel centre de la ciutat.<br \/>\nDurant tot el dia s&rsquo;aniran succeint diferents activitats, actes simb&ograve;lics, concerts i &agrave;pats compartits, i tot amb la participaci&oacute; dels <strong><a href=\"http:\/\/www.miquelets.cat\/\" target=\"_blank\">Miquelets de Catalunya<\/a><\/strong>, vestits amb la seva llampant indument&agrave;ria d&rsquo;&egrave;poca, i de diverses colles geganteres vingudes de diferents contrades.<\/p>\n<p style=\"text-align: justify;\">L&rsquo;inici anir&agrave; a c&agrave;rrec dels mateixos Miquelets, que a partir de les 11 plantaran el seu campament a la pla&ccedil;a Llibertat i tot seguit faran una desfilada pel centre de la Ciutat. La jornada matinal es clour&agrave; a la mateixa pla&ccedil;a <strong>a la 1 amb un vermut<\/strong>.<br \/>\n\tL&rsquo;activitat es reprendr&agrave; a la tarda amb una plantada de gegants (a partir de les 5) i una <strong>cercavila<\/strong> que finalitzar&agrave; a la pla&ccedil;a del Mercadal. Hi participaran un total de<strong> 25 colles geganteres<\/strong>.<br \/>\n\tEls miquelets tornaran a desfilar per la pla&ccedil;a Llibertat a partir de les 7 i m&eacute;s tard (20.30) es far&agrave; una <strong>sardana gegantina<\/strong>, o sigui, la que ballaran tots els gegants participants a la trobada.<\/p>\n<p style=\"text-align: justify;\">A partir de les 9 del vespre comen&ccedil;ar&agrave; l&rsquo;acte amb el qual es procedir&agrave; al lliurament a la Ciutat d&rsquo;un<strong> plan&ccedil;&oacute; del Pi de les Tres Branques<\/strong>, l&rsquo;arbre que ha esdevingut <strong>s&iacute;mbol dels Pa&iuml;sos Catalans<\/strong>. En aquest acte intervindran tres representants de diferents territoris o ciutats de parla catalana: <em>Neus Tur<\/em>, de les Illes; &nbsp;<em>Toni Gisbert<\/em>, d&rsquo;ACPV, del Pa&iacute;s Valenci&agrave;; i <em>Pere Llu&iacute;s Alvau<\/em>, de l&rsquo;Alguer; Despr&eacute;s hi haur&agrave; els parlaments de diferents representants d&rsquo;institucions: <em>Pep Andreu<\/em> (<a href=\"http:\/\/www.municipisindependencia.cat\/\" target=\"_blank\">AMI<\/a>), <em>Gabriel Rufi&aacute;n<\/em> (<a href=\"http:\/\/www.sumate.cat\/\" target=\"_blank\">S&uacute;mate<\/a>), <em>Vicent Sanchis<\/em> (<a href=\"https:\/\/www2.omnium.cat\/\" target=\"_blank\">&Ograve;mnium<\/a>) i <em>Agust&iacute; Alcoberro<\/em>&nbsp;(<a href=\"http:\/\/www.assemblea.cat\" target=\"_blank\">ANC<\/a>). L&rsquo;encarregat de tancar aquests parlaments ser&agrave; l&rsquo;actor tarragon&iacute; <strong>Oriol Grau<\/strong>.<\/p>\n<p>\t<span style=\"font-size:18px;\">A 2 quarts d&rsquo;11 tindr&agrave; lloc un <strong>sopar amenitzat amb m&uacute;sica en viu<\/strong>, per donar pas, a partir de les 11, al concert de l&rsquo;<strong>orquestra Mitjanit<\/strong>. El sopar costar&agrave; 9&euro; i constar&agrave; de dos plats m&eacute;s beguda. Reserveu el vostre sopar a epinyol@gmail.com<\/span><\/p>\n<p style=\"text-align: justify;\">Durant tota la jornada hi haur&agrave; punts d&rsquo;informaci&oacute; a la mateixa pla&ccedil;a per donar a con&egrave;ixer tots els ets i uts de la independ&egrave;ncia de Catalunya i per continuar incidint en la import&agrave;ncia de les properes eleccions plebiscit&agrave;ries previstes per al 27S, que &eacute;s la principal fita en qu&egrave; s&rsquo;est&agrave; treballant des de l&rsquo;ANC per aconseguir una vict&ograve;ria clara del sobiranisme a partir d&rsquo;on poder encetar el proc&eacute;s constituent. Aix&iacute; mateix, hi haur&agrave; venda de tiquets de bus per tothom que vulgui anar a omplir la Meridiana la propera Diada de l&rsquo;11 de setembre, en el que es preveu que acabi esdevenint una nova manifestaci&oacute; multitudin&agrave;ria.<\/p>\n<p>I si voleu apuntar-vos com a voluntaris a aquesta o altres accions de la campanya Ara &eacute;s l&#8217;hora a Reus, envieu un correu electr&ograve;nic a <a href=\"mailto:reus@assemblea.cat\"><strong>reus@assemblea.cat<\/strong><\/a><\/p>\n<p><img decoding=\"async\" alt=\"\" src=\"\/wp-content\/uploads\/11698628_1045195335512302_7518047625550194546_n_0.jpg\" style=\"width: 600px; height: 851px;\"><\/p>\n<p><img decoding=\"async\" alt=\"\" src=\"\/wp-content\/uploads\/11693962_1045195332178969_393140129233979331_n_0.jpg\" style=\"width: 600px; height: 856px;\"><\/div>\n","protected":false},"excerpt":{"rendered":"<p>L&#8217;Orquestra Mitjanit, Miquelets de Catalunya, parades d&#8217;entitats, 25 colles geganteres, Oriol Grau, Gabriel Rufian, Agust\u00ed Alcoberro, Vicent S\u00e0nchis, Pep Andreu, homenatge al P\u00ed de les Tres Branques, sopar popular i moltes activitats m\u00e9s!<\/p>\n","protected":false},"author":61,"featured_media":39747,"template":"","meta":{"_acf_changed":false,"_tribe_events_status":"","_tribe_events_status_reason":"","_tribe_events_is_hybrid":"","_tribe_events_is_virtual":"","_tribe_events_virtual_video_source":"","_tribe_events_virtual_embed_video":"","_tribe_events_virtual_linked_button_text":"","_tribe_events_virtual_linked_button":"","_tribe_events_virtual_show_embed_at":"","_tribe_events_virtual_show_embed_to":[],"_tribe_events_virtual_show_on_event":"","_tribe_events_virtual_show_on_views":"","_tribe_events_virtual_url":"","footnotes":""},"tags":[],"post_headquarter":[1761],"post_project":[],"tribe_events_cat":[],"class_list":["post-39746","tribe_events","type-tribe_events","status-publish","has-post-thumbnail","hentry","post_headquarter-baix-camp"],"acf":[],"yoast_head":"<!-- This site is optimized with the Yoast SEO plugin v27.2 - https:\/\/yoast.com\/product\/yoast-seo-wordpress\/ -->\n<title>2a festa de la Independ\u00e8ncia - \u00d2mnium Cultural<\/title>\n<meta name=\"robots\" content=\"index, follow, max-snippet:-1, max-image-preview:large, max-video-preview:-1\" \/>\n<link rel=\"canonical\" href=\"https:\/\/www.omnium.cat\/ca\/activitat\/2a-festa-de-la-independencia\/\" \/>\n<meta name=\"twitter:label1\" content=\"Temps estimat de lectura\" \/>\n\t<meta name=\"twitter:data1\" content=\"3 minuts\" \/>\n<script type=\"application\/ld+json\" class=\"yoast-schema-graph\">{\"@context\":\"https:\/\/schema.org\",\"@graph\":[{\"@type\":\"WebPage\",\"@id\":\"https:\/\/www.omnium.cat\/ca\/activitat\/2a-festa-de-la-independencia\/\",\"url\":\"https:\/\/www.omnium.cat\/ca\/activitat\/2a-festa-de-la-independencia\/\",\"name\":\"2a festa de la Independ\u00e8ncia - \u00d2mnium Cultural\",\"isPartOf\":{\"@id\":\"https:\/\/www.omnium.cat\/ca\/#website\"},\"primaryImageOfPage\":{\"@id\":\"https:\/\/www.omnium.cat\/ca\/activitat\/2a-festa-de-la-independencia\/#primaryimage\"},\"image\":{\"@id\":\"https:\/\/www.omnium.cat\/ca\/activitat\/2a-festa-de-la-independencia\/#primaryimage\"},\"thumbnailUrl\":\"https:\/\/cdn.omnium.cat\/wp-content\/uploads\/2018\/06\/01080241\/fasta_indep_tall_0.jpg\",\"datePublished\":\"2018-06-15T11:56:35+00:00\",\"dateModified\":\"2018-06-22T12:46:26+00:00\",\"breadcrumb\":{\"@id\":\"https:\/\/www.omnium.cat\/ca\/activitat\/2a-festa-de-la-independencia\/#breadcrumb\"},\"inLanguage\":\"ca\",\"potentialAction\":[{\"@type\":\"ReadAction\",\"target\":[\"https:\/\/www.omnium.cat\/ca\/activitat\/2a-festa-de-la-independencia\/\"]}]},{\"@type\":\"ImageObject\",\"inLanguage\":\"ca\",\"@id\":\"https:\/\/www.omnium.cat\/ca\/activitat\/2a-festa-de-la-independencia\/#primaryimage\",\"url\":\"https:\/\/cdn.omnium.cat\/wp-content\/uploads\/2018\/06\/01080241\/fasta_indep_tall_0.jpg\",\"contentUrl\":\"https:\/\/cdn.omnium.cat\/wp-content\/uploads\/2018\/06\/01080241\/fasta_indep_tall_0.jpg\",\"width\":680,\"height\":434},{\"@type\":\"BreadcrumbList\",\"@id\":\"https:\/\/www.omnium.cat\/ca\/activitat\/2a-festa-de-la-independencia\/#breadcrumb\",\"itemListElement\":[{\"@type\":\"ListItem\",\"position\":1,\"name\":\"Inici\",\"item\":\"https:\/\/www.omnium.cat\/ca\/\"},{\"@type\":\"ListItem\",\"position\":2,\"name\":\"Esdeveniments\",\"item\":\"https:\/\/www.omnium.cat\/ca\/llistat-activitats\/\"},{\"@type\":\"ListItem\",\"position\":3,\"name\":\"2a festa de la Independ\u00e8ncia\"}]},{\"@type\":\"WebSite\",\"@id\":\"https:\/\/www.omnium.cat\/ca\/#website\",\"url\":\"https:\/\/www.omnium.cat\/ca\/\",\"name\":\"\u00d2mnium Cultural\",\"description\":\"Llengua Cultura Pa\u00eds\",\"publisher\":{\"@id\":\"https:\/\/www.omnium.cat\/ca\/#organization\"},\"potentialAction\":[{\"@type\":\"SearchAction\",\"target\":{\"@type\":\"EntryPoint\",\"urlTemplate\":\"https:\/\/www.omnium.cat\/ca\/?s={search_term_string}\"},\"query-input\":{\"@type\":\"PropertyValueSpecification\",\"valueRequired\":true,\"valueName\":\"search_term_string\"}}],\"inLanguage\":\"ca\"},{\"@type\":\"Organization\",\"@id\":\"https:\/\/www.omnium.cat\/ca\/#organization\",\"name\":\"\u00d2mnium Cultural\",\"url\":\"https:\/\/www.omnium.cat\/ca\/\",\"logo\":{\"@type\":\"ImageObject\",\"inLanguage\":\"ca\",\"@id\":\"https:\/\/www.omnium.cat\/ca\/#\/schema\/logo\/image\/\",\"url\":\"https:\/\/cdn.omnium.cat\/wp-content\/uploads\/2019\/06\/01112517\/cropped-omnium_logo-1.png\",\"contentUrl\":\"https:\/\/cdn.omnium.cat\/wp-content\/uploads\/2019\/06\/01112517\/cropped-omnium_logo-1.png\",\"width\":1213,\"height\":262,\"caption\":\"\u00d2mnium Cultural\"},\"image\":{\"@id\":\"https:\/\/www.omnium.cat\/ca\/#\/schema\/logo\/image\/\"},\"sameAs\":[\"https:\/\/www.facebook.com\/omniumcultural\",\"https:\/\/x.com\/omnium\",\"https:\/\/www.instagram.com\/omniumcultural\/\",\"https:\/\/www.youtube.com\/user\/omniumcultural\"]}]}<\/script>\n<!-- \/ Yoast SEO plugin. -->","yoast_head_json":{"title":"2a festa de la Independ\u00e8ncia - \u00d2mnium Cultural","robots":{"index":"index","follow":"follow","max-snippet":"max-snippet:-1","max-image-preview":"max-image-preview:large","max-video-preview":"max-video-preview:-1"},"canonical":"https:\/\/www.omnium.cat\/ca\/activitat\/2a-festa-de-la-independencia\/","twitter_misc":{"Temps estimat de lectura":"3 minuts"},"schema":{"@context":"https:\/\/schema.org","@graph":[{"@type":"WebPage","@id":"https:\/\/www.omnium.cat\/ca\/activitat\/2a-festa-de-la-independencia\/","url":"https:\/\/www.omnium.cat\/ca\/activitat\/2a-festa-de-la-independencia\/","name":"2a festa de la Independ\u00e8ncia - \u00d2mnium Cultural","isPartOf":{"@id":"https:\/\/www.omnium.cat\/ca\/#website"},"primaryImageOfPage":{"@id":"https:\/\/www.omnium.cat\/ca\/activitat\/2a-festa-de-la-independencia\/#primaryimage"},"image":{"@id":"https:\/\/www.omnium.cat\/ca\/activitat\/2a-festa-de-la-independencia\/#primaryimage"},"thumbnailUrl":"https:\/\/cdn.omnium.cat\/wp-content\/uploads\/2018\/06\/01080241\/fasta_indep_tall_0.jpg","datePublished":"2018-06-15T11:56:35+00:00","dateModified":"2018-06-22T12:46:26+00:00","breadcrumb":{"@id":"https:\/\/www.omnium.cat\/ca\/activitat\/2a-festa-de-la-independencia\/#breadcrumb"},"inLanguage":"ca","potentialAction":[{"@type":"ReadAction","target":["https:\/\/www.omnium.cat\/ca\/activitat\/2a-festa-de-la-independencia\/"]}]},{"@type":"ImageObject","inLanguage":"ca","@id":"https:\/\/www.omnium.cat\/ca\/activitat\/2a-festa-de-la-independencia\/#primaryimage","url":"https:\/\/cdn.omnium.cat\/wp-content\/uploads\/2018\/06\/01080241\/fasta_indep_tall_0.jpg","contentUrl":"https:\/\/cdn.omnium.cat\/wp-content\/uploads\/2018\/06\/01080241\/fasta_indep_tall_0.jpg","width":680,"height":434},{"@type":"BreadcrumbList","@id":"https:\/\/www.omnium.cat\/ca\/activitat\/2a-festa-de-la-independencia\/#breadcrumb","itemListElement":[{"@type":"ListItem","position":1,"name":"Inici","item":"https:\/\/www.omnium.cat\/ca\/"},{"@type":"ListItem","position":2,"name":"Esdeveniments","item":"https:\/\/www.omnium.cat\/ca\/llistat-activitats\/"},{"@type":"ListItem","position":3,"name":"2a festa de la Independ\u00e8ncia"}]},{"@type":"WebSite","@id":"https:\/\/www.omnium.cat\/ca\/#website","url":"https:\/\/www.omnium.cat\/ca\/","name":"\u00d2mnium Cultural","description":"Llengua Cultura Pa\u00eds","publisher":{"@id":"https:\/\/www.omnium.cat\/ca\/#organization"},"potentialAction":[{"@type":"SearchAction","target":{"@type":"EntryPoint","urlTemplate":"https:\/\/www.omnium.cat\/ca\/?s={search_term_string}"},"query-input":{"@type":"PropertyValueSpecification","valueRequired":true,"valueName":"search_term_string"}}],"inLanguage":"ca"},{"@type":"Organization","@id":"https:\/\/www.omnium.cat\/ca\/#organization","name":"\u00d2mnium Cultural","url":"https:\/\/www.omnium.cat\/ca\/","logo":{"@type":"ImageObject","inLanguage":"ca","@id":"https:\/\/www.omnium.cat\/ca\/#\/schema\/logo\/image\/","url":"https:\/\/cdn.omnium.cat\/wp-content\/uploads\/2019\/06\/01112517\/cropped-omnium_logo-1.png","contentUrl":"https:\/\/cdn.omnium.cat\/wp-content\/uploads\/2019\/06\/01112517\/cropped-omnium_logo-1.png","width":1213,"height":262,"caption":"\u00d2mnium Cultural"},"image":{"@id":"https:\/\/www.omnium.cat\/ca\/#\/schema\/logo\/image\/"},"sameAs":["https:\/\/www.facebook.com\/omniumcultural","https:\/\/x.com\/omnium","https:\/\/www.instagram.com\/omniumcultural\/","https:\/\/www.youtube.com\/user\/omniumcultural"]}]}},"_links":{"self":[{"href":"https:\/\/www.omnium.cat\/ca\/wp-json\/wp\/v2\/tribe_events\/39746","targetHints":{"allow":["GET"]}}],"collection":[{"href":"https:\/\/www.omnium.cat\/ca\/wp-json\/wp\/v2\/tribe_events"}],"about":[{"href":"https:\/\/www.omnium.cat\/ca\/wp-json\/wp\/v2\/types\/tribe_events"}],"author":[{"embeddable":true,"href":"https:\/\/www.omnium.cat\/ca\/wp-json\/wp\/v2\/users\/61"}],"version-history":[{"count":1,"href":"https:\/\/www.omnium.cat\/ca\/wp-json\/wp\/v2\/tribe_events\/39746\/revisions"}],"predecessor-version":[{"id":52877,"href":"https:\/\/www.omnium.cat\/ca\/wp-json\/wp\/v2\/tribe_events\/39746\/revisions\/52877"}],"wp:featuredmedia":[{"embeddable":true,"href":"https:\/\/www.omnium.cat\/ca\/wp-json\/wp\/v2\/media\/39747"}],"wp:attachment":[{"href":"https:\/\/www.omnium.cat\/ca\/wp-json\/wp\/v2\/media?parent=39746"}],"wp:term":[{"taxonomy":"post_tag","embeddable":true,"href":"https:\/\/www.omnium.cat\/ca\/wp-json\/wp\/v2\/tags?post=39746"},{"taxonomy":"post_headquarter","embeddable":true,"href":"https:\/\/www.omnium.cat\/ca\/wp-json\/wp\/v2\/post_headquarter?post=39746"},{"taxonomy":"post_project","embeddable":true,"href":"https:\/\/www.omnium.cat\/ca\/wp-json\/wp\/v2\/post_project?post=39746"},{"taxonomy":"tribe_events_cat","embeddable":true,"href":"https:\/\/www.omnium.cat\/ca\/wp-json\/wp\/v2\/tribe_events_cat?post=39746"}],"curies":[{"name":"wp","href":"https:\/\/api.w.org\/{rel}","templated":true}]}}