{"id":39777,"date":"2018-06-15T13:57:01","date_gmt":"2018-06-15T11:57:01","guid":{"rendered":"http:\/\/www.omnium.cat\/activitat\/ataullar-el-mon-des-del-matarranya-lectura-de-poemes-de-desideri-lombarte\/"},"modified":"2018-06-22T14:46:02","modified_gmt":"2018-06-22T12:46:02","slug":"ataullar-el-mon-des-del-matarranya-lectura-de-poemes-de-desideri-lombarte","status":"publish","type":"tribe_events","link":"https:\/\/www.omnium.cat\/ca\/activitat\/ataullar-el-mon-des-del-matarranya-lectura-de-poemes-de-desideri-lombarte\/","title":{"rendered":"Ata\u00fcllar el m\u00f3n des del Matarranya: lectura de poemes de Desideri Lombarte"},"content":{"rendered":"<div class=\"omnium_formatted_content\">\n<h3>\n\tAquesta proposta, que va sorgir a la trobada que vam mantenir el passat mes d&#8217;abril amb els nostres socis i s&ograve;cies, vol donar a con&egrave;ixer al p&uacute;blic de Sabadell la producci&oacute; po&egrave;tica d&#8217;un dels escriptors contemporanis m&eacute;s importants de la literatura catalana a la Franja: Desideri Lombarte (Pena-roja 1937 &#8211; Barcelona 1989). Tot i que la seva obra principal s&oacute;n els seus poemes, tamb&eacute; va conrear el teatre, la novel&middot;la, la recerca hist&ograve;rica i antropol&ograve;gica, va escriure nombrosos articles i fins i tot va fer il&middot;lustracions. Podeu trobar m&eacute;s informaci&oacute; sobre la seva vida i obra <a href=\"https:\/\/ca.wikipedia.org\/wiki\/Desideri_Lombarte_i_Arrufat\" target=\"_blank\">aqu&iacute;<\/a>.<\/p>\n<p>\tLa lectura que us proposem, a c&agrave;rrec de diversos socis i amics d&#8217;&Ograve;mnium Sabadell, es centrar&agrave; en els principals temes que Lombarte va tractar en la seva poesia:&nbsp; el sentiment amor&oacute;s, el paisatge i la gent de la seva terra, la hist&ograve;ria i les llegendes d&#8217;aquelles contrades, &#8230; amb una mirada tendra i nost&agrave;lgica, per&ograve; tamb&eacute; reflexiva i sovint ir&ograve;nica. Josep Boltaina, Manel Aljama, C&egrave;lia Nolla, Jordi Condal, Josep Giner i Miquel Ribera ens acostaran els versos de Desideri Lombarte i ens ajudaran a con&egrave;ixer millor la literatura en catal&agrave; que es fa a l&#8217;Arag&oacute; i en concret al Matarranya, massa sovint injustament oblidada.<\/p>\n<p>\tL&#8217;espectacle es far&agrave; el <strong>dijous, 9 de juliol, a les 8 del vespre a l&#8217;<a href=\"https:\/\/amicsagora.wordpress.com\/\" target=\"_blank\">Espai &Agrave;gora de Sabadell<\/a><\/strong><a href=\"https:\/\/amicsagora.wordpress.com\/\" target=\"_blank\">,<\/a> al qual agra&iuml;m la seva gran col&middot;laboraci&oacute;. El preu de l&#8217;entrada &eacute;s de 5,00 &euro; i inclou una consumici&oacute;.<\/p>\n<p>\tPodeu baixar-vos el cartell de l&#8217;acte <a href=\"\/wp-content\/uploads\/09_06_2015_desideri_lombarte_cartell.jpg\" target=\"_blank\">aqu&iacute;<\/a>.<\/p>\n<p>\tTamb&eacute; podeu trobar m&eacute;s informaci&oacute; sobre Desideri Lombarte al <a href=\"https:\/\/anydesiderilombarte.wordpress.com\/\" target=\"_blank\">web de l&#8217;Any Desideri Lombarte (1989-2014)<\/a>.<\/h3>\n<p>\n<\/div>\n","protected":false},"excerpt":{"rendered":"<p>Recital de poesies de Desideri Lombarte, el <strong>dijous 9 de juliol, a les 8 del vespre, a l&#8217;Espai \u00c0gora Sabadell <\/strong>(c. de Sol i Padr\u00eds, 93).<\/p>\n","protected":false},"author":28,"featured_media":39778,"template":"","meta":{"_acf_changed":false,"_tribe_events_status":"","_tribe_events_status_reason":"","_tribe_events_is_hybrid":"","_tribe_events_is_virtual":"","_tribe_events_virtual_video_source":"","_tribe_events_virtual_embed_video":"","_tribe_events_virtual_linked_button_text":"","_tribe_events_virtual_linked_button":"","_tribe_events_virtual_show_embed_at":"","_tribe_events_virtual_show_embed_to":[],"_tribe_events_virtual_show_on_event":"","_tribe_events_virtual_show_on_views":"","_tribe_events_virtual_url":"","footnotes":""},"tags":[703,152],"post_headquarter":[1770],"post_project":[],"tribe_events_cat":[],"class_list":["post-39777","tribe_events","type-tribe_events","status-publish","has-post-thumbnail","hentry","tag-espai-agora-sabadell","tag-omnium-sabadell","post_headquarter-sabadell"],"acf":[],"yoast_head":"<!-- This site is optimized with the Yoast SEO plugin v27.2 - https:\/\/yoast.com\/product\/yoast-seo-wordpress\/ -->\n<title>Ata\u00fcllar el m\u00f3n des del Matarranya: lectura de poemes de Desideri Lombarte - \u00d2mnium Cultural<\/title>\n<meta name=\"robots\" content=\"index, follow, max-snippet:-1, max-image-preview:large, max-video-preview:-1\" \/>\n<link rel=\"canonical\" href=\"https:\/\/www.omnium.cat\/ca\/activitat\/ataullar-el-mon-des-del-matarranya-lectura-de-poemes-de-desideri-lombarte\/\" \/>\n<meta name=\"twitter:label1\" content=\"Temps estimat de lectura\" \/>\n\t<meta name=\"twitter:data1\" content=\"2 minuts\" \/>\n<script type=\"application\/ld+json\" class=\"yoast-schema-graph\">{\"@context\":\"https:\/\/schema.org\",\"@graph\":[{\"@type\":\"WebPage\",\"@id\":\"https:\/\/www.omnium.cat\/ca\/activitat\/ataullar-el-mon-des-del-matarranya-lectura-de-poemes-de-desideri-lombarte\/\",\"url\":\"https:\/\/www.omnium.cat\/ca\/activitat\/ataullar-el-mon-des-del-matarranya-lectura-de-poemes-de-desideri-lombarte\/\",\"name\":\"Ata\u00fcllar el m\u00f3n des del Matarranya: lectura de poemes de Desideri Lombarte - \u00d2mnium Cultural\",\"isPartOf\":{\"@id\":\"https:\/\/www.omnium.cat\/ca\/#website\"},\"primaryImageOfPage\":{\"@id\":\"https:\/\/www.omnium.cat\/ca\/activitat\/ataullar-el-mon-des-del-matarranya-lectura-de-poemes-de-desideri-lombarte\/#primaryimage\"},\"image\":{\"@id\":\"https:\/\/www.omnium.cat\/ca\/activitat\/ataullar-el-mon-des-del-matarranya-lectura-de-poemes-de-desideri-lombarte\/#primaryimage\"},\"thumbnailUrl\":\"https:\/\/cdn.omnium.cat\/wp-content\/uploads\/2018\/06\/01080220\/09_07_2015_desideri_lombarte_web.jpg\",\"datePublished\":\"2018-06-15T11:57:01+00:00\",\"dateModified\":\"2018-06-22T12:46:02+00:00\",\"breadcrumb\":{\"@id\":\"https:\/\/www.omnium.cat\/ca\/activitat\/ataullar-el-mon-des-del-matarranya-lectura-de-poemes-de-desideri-lombarte\/#breadcrumb\"},\"inLanguage\":\"ca\",\"potentialAction\":[{\"@type\":\"ReadAction\",\"target\":[\"https:\/\/www.omnium.cat\/ca\/activitat\/ataullar-el-mon-des-del-matarranya-lectura-de-poemes-de-desideri-lombarte\/\"]}]},{\"@type\":\"ImageObject\",\"inLanguage\":\"ca\",\"@id\":\"https:\/\/www.omnium.cat\/ca\/activitat\/ataullar-el-mon-des-del-matarranya-lectura-de-poemes-de-desideri-lombarte\/#primaryimage\",\"url\":\"https:\/\/cdn.omnium.cat\/wp-content\/uploads\/2018\/06\/01080220\/09_07_2015_desideri_lombarte_web.jpg\",\"contentUrl\":\"https:\/\/cdn.omnium.cat\/wp-content\/uploads\/2018\/06\/01080220\/09_07_2015_desideri_lombarte_web.jpg\",\"width\":945,\"height\":729},{\"@type\":\"BreadcrumbList\",\"@id\":\"https:\/\/www.omnium.cat\/ca\/activitat\/ataullar-el-mon-des-del-matarranya-lectura-de-poemes-de-desideri-lombarte\/#breadcrumb\",\"itemListElement\":[{\"@type\":\"ListItem\",\"position\":1,\"name\":\"Inici\",\"item\":\"https:\/\/www.omnium.cat\/ca\/\"},{\"@type\":\"ListItem\",\"position\":2,\"name\":\"Esdeveniments\",\"item\":\"https:\/\/www.omnium.cat\/ca\/llistat-activitats\/\"},{\"@type\":\"ListItem\",\"position\":3,\"name\":\"Ata\u00fcllar el m\u00f3n des del Matarranya: lectura de poemes de Desideri Lombarte\"}]},{\"@type\":\"WebSite\",\"@id\":\"https:\/\/www.omnium.cat\/ca\/#website\",\"url\":\"https:\/\/www.omnium.cat\/ca\/\",\"name\":\"\u00d2mnium Cultural\",\"description\":\"Llengua Cultura Pa\u00eds\",\"publisher\":{\"@id\":\"https:\/\/www.omnium.cat\/ca\/#organization\"},\"potentialAction\":[{\"@type\":\"SearchAction\",\"target\":{\"@type\":\"EntryPoint\",\"urlTemplate\":\"https:\/\/www.omnium.cat\/ca\/?s={search_term_string}\"},\"query-input\":{\"@type\":\"PropertyValueSpecification\",\"valueRequired\":true,\"valueName\":\"search_term_string\"}}],\"inLanguage\":\"ca\"},{\"@type\":\"Organization\",\"@id\":\"https:\/\/www.omnium.cat\/ca\/#organization\",\"name\":\"\u00d2mnium Cultural\",\"url\":\"https:\/\/www.omnium.cat\/ca\/\",\"logo\":{\"@type\":\"ImageObject\",\"inLanguage\":\"ca\",\"@id\":\"https:\/\/www.omnium.cat\/ca\/#\/schema\/logo\/image\/\",\"url\":\"https:\/\/cdn.omnium.cat\/wp-content\/uploads\/2019\/06\/01112517\/cropped-omnium_logo-1.png\",\"contentUrl\":\"https:\/\/cdn.omnium.cat\/wp-content\/uploads\/2019\/06\/01112517\/cropped-omnium_logo-1.png\",\"width\":1213,\"height\":262,\"caption\":\"\u00d2mnium Cultural\"},\"image\":{\"@id\":\"https:\/\/www.omnium.cat\/ca\/#\/schema\/logo\/image\/\"},\"sameAs\":[\"https:\/\/www.facebook.com\/omniumcultural\",\"https:\/\/x.com\/omnium\",\"https:\/\/www.instagram.com\/omniumcultural\/\",\"https:\/\/www.youtube.com\/user\/omniumcultural\"]}]}<\/script>\n<!-- \/ Yoast SEO plugin. -->","yoast_head_json":{"title":"Ata\u00fcllar el m\u00f3n des del Matarranya: lectura de poemes de Desideri Lombarte - \u00d2mnium Cultural","robots":{"index":"index","follow":"follow","max-snippet":"max-snippet:-1","max-image-preview":"max-image-preview:large","max-video-preview":"max-video-preview:-1"},"canonical":"https:\/\/www.omnium.cat\/ca\/activitat\/ataullar-el-mon-des-del-matarranya-lectura-de-poemes-de-desideri-lombarte\/","twitter_misc":{"Temps estimat de lectura":"2 minuts"},"schema":{"@context":"https:\/\/schema.org","@graph":[{"@type":"WebPage","@id":"https:\/\/www.omnium.cat\/ca\/activitat\/ataullar-el-mon-des-del-matarranya-lectura-de-poemes-de-desideri-lombarte\/","url":"https:\/\/www.omnium.cat\/ca\/activitat\/ataullar-el-mon-des-del-matarranya-lectura-de-poemes-de-desideri-lombarte\/","name":"Ata\u00fcllar el m\u00f3n des del Matarranya: lectura de poemes de Desideri Lombarte - \u00d2mnium Cultural","isPartOf":{"@id":"https:\/\/www.omnium.cat\/ca\/#website"},"primaryImageOfPage":{"@id":"https:\/\/www.omnium.cat\/ca\/activitat\/ataullar-el-mon-des-del-matarranya-lectura-de-poemes-de-desideri-lombarte\/#primaryimage"},"image":{"@id":"https:\/\/www.omnium.cat\/ca\/activitat\/ataullar-el-mon-des-del-matarranya-lectura-de-poemes-de-desideri-lombarte\/#primaryimage"},"thumbnailUrl":"https:\/\/cdn.omnium.cat\/wp-content\/uploads\/2018\/06\/01080220\/09_07_2015_desideri_lombarte_web.jpg","datePublished":"2018-06-15T11:57:01+00:00","dateModified":"2018-06-22T12:46:02+00:00","breadcrumb":{"@id":"https:\/\/www.omnium.cat\/ca\/activitat\/ataullar-el-mon-des-del-matarranya-lectura-de-poemes-de-desideri-lombarte\/#breadcrumb"},"inLanguage":"ca","potentialAction":[{"@type":"ReadAction","target":["https:\/\/www.omnium.cat\/ca\/activitat\/ataullar-el-mon-des-del-matarranya-lectura-de-poemes-de-desideri-lombarte\/"]}]},{"@type":"ImageObject","inLanguage":"ca","@id":"https:\/\/www.omnium.cat\/ca\/activitat\/ataullar-el-mon-des-del-matarranya-lectura-de-poemes-de-desideri-lombarte\/#primaryimage","url":"https:\/\/cdn.omnium.cat\/wp-content\/uploads\/2018\/06\/01080220\/09_07_2015_desideri_lombarte_web.jpg","contentUrl":"https:\/\/cdn.omnium.cat\/wp-content\/uploads\/2018\/06\/01080220\/09_07_2015_desideri_lombarte_web.jpg","width":945,"height":729},{"@type":"BreadcrumbList","@id":"https:\/\/www.omnium.cat\/ca\/activitat\/ataullar-el-mon-des-del-matarranya-lectura-de-poemes-de-desideri-lombarte\/#breadcrumb","itemListElement":[{"@type":"ListItem","position":1,"name":"Inici","item":"https:\/\/www.omnium.cat\/ca\/"},{"@type":"ListItem","position":2,"name":"Esdeveniments","item":"https:\/\/www.omnium.cat\/ca\/llistat-activitats\/"},{"@type":"ListItem","position":3,"name":"Ata\u00fcllar el m\u00f3n des del Matarranya: lectura de poemes de Desideri Lombarte"}]},{"@type":"WebSite","@id":"https:\/\/www.omnium.cat\/ca\/#website","url":"https:\/\/www.omnium.cat\/ca\/","name":"\u00d2mnium Cultural","description":"Llengua Cultura Pa\u00eds","publisher":{"@id":"https:\/\/www.omnium.cat\/ca\/#organization"},"potentialAction":[{"@type":"SearchAction","target":{"@type":"EntryPoint","urlTemplate":"https:\/\/www.omnium.cat\/ca\/?s={search_term_string}"},"query-input":{"@type":"PropertyValueSpecification","valueRequired":true,"valueName":"search_term_string"}}],"inLanguage":"ca"},{"@type":"Organization","@id":"https:\/\/www.omnium.cat\/ca\/#organization","name":"\u00d2mnium Cultural","url":"https:\/\/www.omnium.cat\/ca\/","logo":{"@type":"ImageObject","inLanguage":"ca","@id":"https:\/\/www.omnium.cat\/ca\/#\/schema\/logo\/image\/","url":"https:\/\/cdn.omnium.cat\/wp-content\/uploads\/2019\/06\/01112517\/cropped-omnium_logo-1.png","contentUrl":"https:\/\/cdn.omnium.cat\/wp-content\/uploads\/2019\/06\/01112517\/cropped-omnium_logo-1.png","width":1213,"height":262,"caption":"\u00d2mnium Cultural"},"image":{"@id":"https:\/\/www.omnium.cat\/ca\/#\/schema\/logo\/image\/"},"sameAs":["https:\/\/www.facebook.com\/omniumcultural","https:\/\/x.com\/omnium","https:\/\/www.instagram.com\/omniumcultural\/","https:\/\/www.youtube.com\/user\/omniumcultural"]}]}},"_links":{"self":[{"href":"https:\/\/www.omnium.cat\/ca\/wp-json\/wp\/v2\/tribe_events\/39777","targetHints":{"allow":["GET"]}}],"collection":[{"href":"https:\/\/www.omnium.cat\/ca\/wp-json\/wp\/v2\/tribe_events"}],"about":[{"href":"https:\/\/www.omnium.cat\/ca\/wp-json\/wp\/v2\/types\/tribe_events"}],"author":[{"embeddable":true,"href":"https:\/\/www.omnium.cat\/ca\/wp-json\/wp\/v2\/users\/28"}],"version-history":[{"count":1,"href":"https:\/\/www.omnium.cat\/ca\/wp-json\/wp\/v2\/tribe_events\/39777\/revisions"}],"predecessor-version":[{"id":52861,"href":"https:\/\/www.omnium.cat\/ca\/wp-json\/wp\/v2\/tribe_events\/39777\/revisions\/52861"}],"wp:featuredmedia":[{"embeddable":true,"href":"https:\/\/www.omnium.cat\/ca\/wp-json\/wp\/v2\/media\/39778"}],"wp:attachment":[{"href":"https:\/\/www.omnium.cat\/ca\/wp-json\/wp\/v2\/media?parent=39777"}],"wp:term":[{"taxonomy":"post_tag","embeddable":true,"href":"https:\/\/www.omnium.cat\/ca\/wp-json\/wp\/v2\/tags?post=39777"},{"taxonomy":"post_headquarter","embeddable":true,"href":"https:\/\/www.omnium.cat\/ca\/wp-json\/wp\/v2\/post_headquarter?post=39777"},{"taxonomy":"post_project","embeddable":true,"href":"https:\/\/www.omnium.cat\/ca\/wp-json\/wp\/v2\/post_project?post=39777"},{"taxonomy":"tribe_events_cat","embeddable":true,"href":"https:\/\/www.omnium.cat\/ca\/wp-json\/wp\/v2\/tribe_events_cat?post=39777"}],"curies":[{"name":"wp","href":"https:\/\/api.w.org\/{rel}","templated":true}]}}