{"id":454214,"date":"2026-04-16T12:54:41","date_gmt":"2026-04-16T10:54:41","guid":{"rendered":"https:\/\/www.omnium.cat\/?post_type=tribe_events&#038;p=454214"},"modified":"2026-04-17T12:05:14","modified_gmt":"2026-04-17T10:05:14","slug":"lhospitalet-de-llobregat-amb-el-correllengua-agermanat","status":"publish","type":"tribe_events","link":"https:\/\/www.omnium.cat\/ca\/activitat\/lhospitalet-de-llobregat-amb-el-correllengua-agermanat\/","title":{"rendered":"L&#8217;Hospitalet de Llobregat amb el Correllengua Agermanat"},"content":{"rendered":"<p>El<strong>\u00a0Correllengua Agermanat 2026\u00a0<\/strong>recorrer\u00e0 els territoris de parla catalana del 19 d\u2019abril al 5 de maig amb una torxa simb\u00f2lica \u2014la Flama\u2014 que passar\u00e0 de m\u00e0 en m\u00e0 al llarg de m\u00e9s de 1.000 quil\u00f2metres. Aquesta iniciativa cultural i f\u00edsic-esportiva t\u00e9 com a objectiu reivindicar la vitalitat de la llengua catalana i fomentar-ne l\u2019\u00fas social a trav\u00e9s d\u2019una activitat participativa que connecta pobles, barris, escoles i entitats.<\/p>\n<p><strong>\u00d2mnium l&#8217;Hospitalet<\/strong> us convida a saludar el pas del Correllengua Agermanat al seu pas pel nostre municipi:<\/p>\n<ul>\n<li><strong>Dimecres, 22 d&#8217;abril, a les 10.30 hores<\/strong><\/li>\n<li><strong>Davant del Camp municipal Pubilla Casas, a la carretera de Collblanc, 210<\/strong><\/li>\n<\/ul>\n","protected":false},"excerpt":{"rendered":"<p>El\u00a0Correllengua Agermanat 2026\u00a0recorrer\u00e0 els territoris de parla catalana del 19 d\u2019abril al 5 de maig amb una torxa simb\u00f2lica \u2014la Flama\u2014 que passar\u00e0 de m\u00e0 en m\u00e0 al llarg de [&hellip;]<\/p>\n","protected":false},"author":268,"featured_media":454254,"template":"","meta":{"_acf_changed":false,"_tribe_events_status":"","_tribe_events_status_reason":"","_tribe_events_is_hybrid":"","_tribe_events_is_virtual":"","_tribe_events_virtual_video_source":"","_tribe_events_virtual_embed_video":"","_tribe_events_virtual_linked_button_text":"","_tribe_events_virtual_linked_button":"","_tribe_events_virtual_show_embed_at":"","_tribe_events_virtual_show_embed_to":[],"_tribe_events_virtual_show_on_event":"","_tribe_events_virtual_show_on_views":"","_tribe_events_virtual_url":"","footnotes":""},"tags":[],"post_headquarter":[1767],"post_project":[],"tribe_events_cat":[],"class_list":["post-454214","tribe_events","type-tribe_events","status-publish","has-post-thumbnail","hentry","post_headquarter-lhospitalet-de-llobregat"],"acf":[],"yoast_head":"<!-- This site is optimized with the Yoast SEO plugin v27.2 - https:\/\/yoast.com\/product\/yoast-seo-wordpress\/ -->\n<title>L&#039;Hospitalet de Llobregat amb el Correllengua Agermanat - \u00d2mnium Cultural<\/title>\n<meta name=\"robots\" content=\"index, follow, max-snippet:-1, max-image-preview:large, max-video-preview:-1\" \/>\n<link rel=\"canonical\" href=\"https:\/\/www.omnium.cat\/ca\/activitat\/lhospitalet-de-llobregat-amb-el-correllengua-agermanat\/\" \/>\n<meta name=\"twitter:label1\" content=\"Temps estimat de lectura\" \/>\n\t<meta name=\"twitter:data1\" content=\"1 minut\" \/>\n<script type=\"application\/ld+json\" class=\"yoast-schema-graph\">{\"@context\":\"https:\/\/schema.org\",\"@graph\":[{\"@type\":\"WebPage\",\"@id\":\"https:\/\/www.omnium.cat\/ca\/activitat\/lhospitalet-de-llobregat-amb-el-correllengua-agermanat\/\",\"url\":\"https:\/\/www.omnium.cat\/ca\/activitat\/lhospitalet-de-llobregat-amb-el-correllengua-agermanat\/\",\"name\":\"L'Hospitalet de Llobregat amb el Correllengua Agermanat - \u00d2mnium Cultural\",\"isPartOf\":{\"@id\":\"https:\/\/www.omnium.cat\/ca\/#website\"},\"primaryImageOfPage\":{\"@id\":\"https:\/\/www.omnium.cat\/ca\/activitat\/lhospitalet-de-llobregat-amb-el-correllengua-agermanat\/#primaryimage\"},\"image\":{\"@id\":\"https:\/\/www.omnium.cat\/ca\/activitat\/lhospitalet-de-llobregat-amb-el-correllengua-agermanat\/#primaryimage\"},\"thumbnailUrl\":\"https:\/\/cdn.omnium.cat\/wp-content\/uploads\/2026\/04\/17120351\/correllengua-newok.jpg\",\"datePublished\":\"2026-04-16T10:54:41+00:00\",\"dateModified\":\"2026-04-17T10:05:14+00:00\",\"breadcrumb\":{\"@id\":\"https:\/\/www.omnium.cat\/ca\/activitat\/lhospitalet-de-llobregat-amb-el-correllengua-agermanat\/#breadcrumb\"},\"inLanguage\":\"ca\",\"potentialAction\":[{\"@type\":\"ReadAction\",\"target\":[\"https:\/\/www.omnium.cat\/ca\/activitat\/lhospitalet-de-llobregat-amb-el-correllengua-agermanat\/\"]}]},{\"@type\":\"ImageObject\",\"inLanguage\":\"ca\",\"@id\":\"https:\/\/www.omnium.cat\/ca\/activitat\/lhospitalet-de-llobregat-amb-el-correllengua-agermanat\/#primaryimage\",\"url\":\"https:\/\/cdn.omnium.cat\/wp-content\/uploads\/2026\/04\/17120351\/correllengua-newok.jpg\",\"contentUrl\":\"https:\/\/cdn.omnium.cat\/wp-content\/uploads\/2026\/04\/17120351\/correllengua-newok.jpg\",\"width\":1080,\"height\":475},{\"@type\":\"BreadcrumbList\",\"@id\":\"https:\/\/www.omnium.cat\/ca\/activitat\/lhospitalet-de-llobregat-amb-el-correllengua-agermanat\/#breadcrumb\",\"itemListElement\":[{\"@type\":\"ListItem\",\"position\":1,\"name\":\"Inici\",\"item\":\"https:\/\/www.omnium.cat\/ca\/\"},{\"@type\":\"ListItem\",\"position\":2,\"name\":\"Esdeveniments\",\"item\":\"https:\/\/www.omnium.cat\/ca\/llistat-activitats\/\"},{\"@type\":\"ListItem\",\"position\":3,\"name\":\"L&#8217;Hospitalet de Llobregat amb el Correllengua Agermanat\"}]},{\"@type\":\"WebSite\",\"@id\":\"https:\/\/www.omnium.cat\/ca\/#website\",\"url\":\"https:\/\/www.omnium.cat\/ca\/\",\"name\":\"\u00d2mnium Cultural\",\"description\":\"Llengua Cultura Pa\u00eds\",\"publisher\":{\"@id\":\"https:\/\/www.omnium.cat\/ca\/#organization\"},\"potentialAction\":[{\"@type\":\"SearchAction\",\"target\":{\"@type\":\"EntryPoint\",\"urlTemplate\":\"https:\/\/www.omnium.cat\/ca\/?s={search_term_string}\"},\"query-input\":{\"@type\":\"PropertyValueSpecification\",\"valueRequired\":true,\"valueName\":\"search_term_string\"}}],\"inLanguage\":\"ca\"},{\"@type\":\"Organization\",\"@id\":\"https:\/\/www.omnium.cat\/ca\/#organization\",\"name\":\"\u00d2mnium Cultural\",\"url\":\"https:\/\/www.omnium.cat\/ca\/\",\"logo\":{\"@type\":\"ImageObject\",\"inLanguage\":\"ca\",\"@id\":\"https:\/\/www.omnium.cat\/ca\/#\/schema\/logo\/image\/\",\"url\":\"https:\/\/cdn.omnium.cat\/wp-content\/uploads\/2019\/06\/01112517\/cropped-omnium_logo-1.png\",\"contentUrl\":\"https:\/\/cdn.omnium.cat\/wp-content\/uploads\/2019\/06\/01112517\/cropped-omnium_logo-1.png\",\"width\":1213,\"height\":262,\"caption\":\"\u00d2mnium Cultural\"},\"image\":{\"@id\":\"https:\/\/www.omnium.cat\/ca\/#\/schema\/logo\/image\/\"},\"sameAs\":[\"https:\/\/www.facebook.com\/omniumcultural\",\"https:\/\/x.com\/omnium\",\"https:\/\/www.instagram.com\/omniumcultural\/\",\"https:\/\/www.youtube.com\/user\/omniumcultural\"]}]}<\/script>\n<!-- \/ Yoast SEO plugin. -->","yoast_head_json":{"title":"L'Hospitalet de Llobregat amb el Correllengua Agermanat - \u00d2mnium Cultural","robots":{"index":"index","follow":"follow","max-snippet":"max-snippet:-1","max-image-preview":"max-image-preview:large","max-video-preview":"max-video-preview:-1"},"canonical":"https:\/\/www.omnium.cat\/ca\/activitat\/lhospitalet-de-llobregat-amb-el-correllengua-agermanat\/","twitter_misc":{"Temps estimat de lectura":"1 minut"},"schema":{"@context":"https:\/\/schema.org","@graph":[{"@type":"WebPage","@id":"https:\/\/www.omnium.cat\/ca\/activitat\/lhospitalet-de-llobregat-amb-el-correllengua-agermanat\/","url":"https:\/\/www.omnium.cat\/ca\/activitat\/lhospitalet-de-llobregat-amb-el-correllengua-agermanat\/","name":"L'Hospitalet de Llobregat amb el Correllengua Agermanat - \u00d2mnium Cultural","isPartOf":{"@id":"https:\/\/www.omnium.cat\/ca\/#website"},"primaryImageOfPage":{"@id":"https:\/\/www.omnium.cat\/ca\/activitat\/lhospitalet-de-llobregat-amb-el-correllengua-agermanat\/#primaryimage"},"image":{"@id":"https:\/\/www.omnium.cat\/ca\/activitat\/lhospitalet-de-llobregat-amb-el-correllengua-agermanat\/#primaryimage"},"thumbnailUrl":"https:\/\/cdn.omnium.cat\/wp-content\/uploads\/2026\/04\/17120351\/correllengua-newok.jpg","datePublished":"2026-04-16T10:54:41+00:00","dateModified":"2026-04-17T10:05:14+00:00","breadcrumb":{"@id":"https:\/\/www.omnium.cat\/ca\/activitat\/lhospitalet-de-llobregat-amb-el-correllengua-agermanat\/#breadcrumb"},"inLanguage":"ca","potentialAction":[{"@type":"ReadAction","target":["https:\/\/www.omnium.cat\/ca\/activitat\/lhospitalet-de-llobregat-amb-el-correllengua-agermanat\/"]}]},{"@type":"ImageObject","inLanguage":"ca","@id":"https:\/\/www.omnium.cat\/ca\/activitat\/lhospitalet-de-llobregat-amb-el-correllengua-agermanat\/#primaryimage","url":"https:\/\/cdn.omnium.cat\/wp-content\/uploads\/2026\/04\/17120351\/correllengua-newok.jpg","contentUrl":"https:\/\/cdn.omnium.cat\/wp-content\/uploads\/2026\/04\/17120351\/correllengua-newok.jpg","width":1080,"height":475},{"@type":"BreadcrumbList","@id":"https:\/\/www.omnium.cat\/ca\/activitat\/lhospitalet-de-llobregat-amb-el-correllengua-agermanat\/#breadcrumb","itemListElement":[{"@type":"ListItem","position":1,"name":"Inici","item":"https:\/\/www.omnium.cat\/ca\/"},{"@type":"ListItem","position":2,"name":"Esdeveniments","item":"https:\/\/www.omnium.cat\/ca\/llistat-activitats\/"},{"@type":"ListItem","position":3,"name":"L&#8217;Hospitalet de Llobregat amb el Correllengua Agermanat"}]},{"@type":"WebSite","@id":"https:\/\/www.omnium.cat\/ca\/#website","url":"https:\/\/www.omnium.cat\/ca\/","name":"\u00d2mnium Cultural","description":"Llengua Cultura Pa\u00eds","publisher":{"@id":"https:\/\/www.omnium.cat\/ca\/#organization"},"potentialAction":[{"@type":"SearchAction","target":{"@type":"EntryPoint","urlTemplate":"https:\/\/www.omnium.cat\/ca\/?s={search_term_string}"},"query-input":{"@type":"PropertyValueSpecification","valueRequired":true,"valueName":"search_term_string"}}],"inLanguage":"ca"},{"@type":"Organization","@id":"https:\/\/www.omnium.cat\/ca\/#organization","name":"\u00d2mnium Cultural","url":"https:\/\/www.omnium.cat\/ca\/","logo":{"@type":"ImageObject","inLanguage":"ca","@id":"https:\/\/www.omnium.cat\/ca\/#\/schema\/logo\/image\/","url":"https:\/\/cdn.omnium.cat\/wp-content\/uploads\/2019\/06\/01112517\/cropped-omnium_logo-1.png","contentUrl":"https:\/\/cdn.omnium.cat\/wp-content\/uploads\/2019\/06\/01112517\/cropped-omnium_logo-1.png","width":1213,"height":262,"caption":"\u00d2mnium Cultural"},"image":{"@id":"https:\/\/www.omnium.cat\/ca\/#\/schema\/logo\/image\/"},"sameAs":["https:\/\/www.facebook.com\/omniumcultural","https:\/\/x.com\/omnium","https:\/\/www.instagram.com\/omniumcultural\/","https:\/\/www.youtube.com\/user\/omniumcultural"]}]}},"_links":{"self":[{"href":"https:\/\/www.omnium.cat\/ca\/wp-json\/wp\/v2\/tribe_events\/454214","targetHints":{"allow":["GET"]}}],"collection":[{"href":"https:\/\/www.omnium.cat\/ca\/wp-json\/wp\/v2\/tribe_events"}],"about":[{"href":"https:\/\/www.omnium.cat\/ca\/wp-json\/wp\/v2\/types\/tribe_events"}],"author":[{"embeddable":true,"href":"https:\/\/www.omnium.cat\/ca\/wp-json\/wp\/v2\/users\/268"}],"version-history":[{"count":1,"href":"https:\/\/www.omnium.cat\/ca\/wp-json\/wp\/v2\/tribe_events\/454214\/revisions"}],"predecessor-version":[{"id":454218,"href":"https:\/\/www.omnium.cat\/ca\/wp-json\/wp\/v2\/tribe_events\/454214\/revisions\/454218"}],"wp:featuredmedia":[{"embeddable":true,"href":"https:\/\/www.omnium.cat\/ca\/wp-json\/wp\/v2\/media\/454254"}],"wp:attachment":[{"href":"https:\/\/www.omnium.cat\/ca\/wp-json\/wp\/v2\/media?parent=454214"}],"wp:term":[{"taxonomy":"post_tag","embeddable":true,"href":"https:\/\/www.omnium.cat\/ca\/wp-json\/wp\/v2\/tags?post=454214"},{"taxonomy":"post_headquarter","embeddable":true,"href":"https:\/\/www.omnium.cat\/ca\/wp-json\/wp\/v2\/post_headquarter?post=454214"},{"taxonomy":"post_project","embeddable":true,"href":"https:\/\/www.omnium.cat\/ca\/wp-json\/wp\/v2\/post_project?post=454214"},{"taxonomy":"tribe_events_cat","embeddable":true,"href":"https:\/\/www.omnium.cat\/ca\/wp-json\/wp\/v2\/tribe_events_cat?post=454214"}],"curies":[{"name":"wp","href":"https:\/\/api.w.org\/{rel}","templated":true}]}}